{"id":14044,"date":"2022-04-14T06:16:30","date_gmt":"2022-04-14T06:16:30","guid":{"rendered":"https:\/\/obsthof-moser.com\/home\/"},"modified":"2026-03-28T08:54:09","modified_gmt":"2026-03-28T08:54:09","slug":"home","status":"publish","type":"page","link":"https:\/\/obsthof-moser.com\/it\/","title":{"rendered":"Obsthof Moser"},"content":{"rendered":"\t\t<div data-elementor-type=\"wp-page\" data-elementor-id=\"14044\" class=\"elementor elementor-14044 elementor-11518\">\n\t\t\t\t\t\t<section class=\"elementor-section elementor-top-section elementor-element elementor-element-05a150d elementor-section-height-min-height elementor-section-boxed elementor-section-height-default elementor-section-items-middle\" data-id=\"05a150d\" data-element_type=\"section\" data-settings=\"{&quot;background_background&quot;:&quot;classic&quot;}\">\n\t\t\t\t\t\t\t<div class=\"elementor-background-overlay\"><\/div>\n\t\t\t\t\t\t\t<div class=\"elementor-container elementor-column-gap-no\">\n\t\t\t\t\t<div class=\"elementor-column elementor-col-100 elementor-top-column elementor-element elementor-element-15a26f7\" data-id=\"15a26f7\" data-element_type=\"column\">\n\t\t\t<div class=\"elementor-widget-wrap elementor-element-populated\">\n\t\t\t\t\t\t<div class=\"elementor-element elementor-element-6ad8375 elementor-widget elementor-widget-heading\" data-id=\"6ad8375\" data-element_type=\"widget\" data-widget_type=\"heading.default\">\n\t\t\t\t<div class=\"elementor-widget-container\">\n\t\t\t\t\t<h1 class=\"elementor-heading-title elementor-size-default\">Obsthof Moser <br>a Sciaves | <span style=\"font-size:1.7rem\">Agriturismo e appartamenti per vacanze vicino a Bressanone - Alto Adige<\/span><\/h1>\t\t\t\t<\/div>\n\t\t\t\t<\/div>\n\t\t\t\t\t<\/div>\n\t\t<\/div>\n\t\t\t\t\t<\/div>\n\t\t<\/section>\n\t\t\t\t<section class=\"elementor-section elementor-top-section elementor-element elementor-element-161224e elementor-section-content-top elementor-reverse-mobile elementor-section-boxed elementor-section-height-default elementor-section-height-default\" data-id=\"161224e\" data-element_type=\"section\" data-settings=\"{&quot;background_background&quot;:&quot;classic&quot;}\">\n\t\t\t\t\t\t<div class=\"elementor-container elementor-column-gap-no\">\n\t\t\t\t\t<div class=\"elementor-column elementor-col-100 elementor-top-column elementor-element elementor-element-3798dd5\" data-id=\"3798dd5\" data-element_type=\"column\">\n\t\t\t<div class=\"elementor-widget-wrap elementor-element-populated\">\n\t\t\t\t\t\t<div class=\"elementor-element elementor-element-9840db2 elementor-widget elementor-widget-text-editor\" data-id=\"9840db2\" data-element_type=\"widget\" data-widget_type=\"text-editor.default\">\n\t\t\t\t<div class=\"elementor-widget-container\">\n\t\t\t\t\t\t\t\t\t<h2>Vivere la natura. Sentire la libert\u00e0. Godersi la tranquillit\u00e0<\/h2>\n<p>Il nostro maso Obsthof Moser si trova a Sciaves, in una posizione idilliaca all\u2019ingresso della Val Pusteria, nei pressi di Bressanone. un soggiorno in grande comfort in appartamenti per vacanze nuovi, un perfetto punto di partenza per attivit\u00e0 emozionanti in ogni periodo dell\u2019anno e un ambiente naturale rurale che invita a rilassarsi e recuperare energie.<\/p>\t\t\t\t\t\t\t\t<\/div>\n\t\t\t\t<\/div>\n\t\t\t\t<div class=\"elementor-element elementor-element-8b894e8 elementor-widget elementor-widget-image\" data-id=\"8b894e8\" data-element_type=\"widget\" data-widget_type=\"image.default\">\n\t\t\t\t<div class=\"elementor-widget-container\">\n\t\t\t\t\t\t\t\t\t\t\t\t\t\t\t<img fetchpriority=\"high\" decoding=\"async\" width=\"1024\" height=\"683\" src=\"https:\/\/obsthof-moser.com\/wp-content\/uploads\/2026\/03\/Obsthof-Moser-122-1024x683.jpg\" class=\"attachment-large size-large wp-image-15703\" alt=\"\" srcset=\"https:\/\/obsthof-moser.com\/wp-content\/uploads\/2026\/03\/Obsthof-Moser-122-1024x683.jpg 1024w, https:\/\/obsthof-moser.com\/wp-content\/uploads\/2026\/03\/Obsthof-Moser-122-300x200.jpg 300w, https:\/\/obsthof-moser.com\/wp-content\/uploads\/2026\/03\/Obsthof-Moser-122-768x512.jpg 768w, https:\/\/obsthof-moser.com\/wp-content\/uploads\/2026\/03\/Obsthof-Moser-122-1536x1024.jpg 1536w, https:\/\/obsthof-moser.com\/wp-content\/uploads\/2026\/03\/Obsthof-Moser-122-2048x1366.jpg 2048w\" sizes=\"(max-width: 1024px) 100vw, 1024px\" \/>\t\t\t\t\t\t\t\t\t\t\t\t\t\t\t<\/div>\n\t\t\t\t<\/div>\n\t\t\t\t\t<\/div>\n\t\t<\/div>\n\t\t\t\t\t<\/div>\n\t\t<\/section>\n\t\t\t\t<section class=\"elementor-section elementor-top-section elementor-element elementor-element-5f3e762 elementor-section-boxed elementor-section-height-default elementor-section-height-default\" data-id=\"5f3e762\" data-element_type=\"section\">\n\t\t\t\t\t\t<div class=\"elementor-container elementor-column-gap-default\">\n\t\t\t\t\t<div class=\"elementor-column elementor-col-100 elementor-top-column elementor-element elementor-element-5dce5e8\" data-id=\"5dce5e8\" data-element_type=\"column\">\n\t\t\t<div class=\"elementor-widget-wrap elementor-element-populated\">\n\t\t\t\t\t\t<div class=\"elementor-element elementor-element-34f9ab1 elementor-widget elementor-widget-heading\" data-id=\"34f9ab1\" data-element_type=\"widget\" data-widget_type=\"heading.default\">\n\t\t\t\t<div class=\"elementor-widget-container\">\n\t\t\t\t\t<h3 class=\"elementor-heading-title elementor-size-default\">Una vacanza all\u2019Obsthof Moser \u00e8...<\/h3>\t\t\t\t<\/div>\n\t\t\t\t<\/div>\n\t\t\t\t\t<\/div>\n\t\t<\/div>\n\t\t\t\t\t<\/div>\n\t\t<\/section>\n\t\t\t\t<section class=\"elementor-section elementor-top-section elementor-element elementor-element-f4c8558 elementor-section-boxed elementor-section-height-default elementor-section-height-default\" data-id=\"f4c8558\" data-element_type=\"section\">\n\t\t\t\t\t\t<div class=\"elementor-container elementor-column-gap-default\">\n\t\t\t\t\t<div class=\"elementor-column elementor-col-50 elementor-top-column elementor-element elementor-element-d008c50\" data-id=\"d008c50\" data-element_type=\"column\">\n\t\t\t<div class=\"elementor-widget-wrap elementor-element-populated\">\n\t\t\t\t\t\t<div class=\"elementor-element elementor-element-8b86d6d elementor-widget elementor-widget-text-editor\" data-id=\"8b86d6d\" data-element_type=\"widget\" data-widget_type=\"text-editor.default\">\n\t\t\t\t<div class=\"elementor-widget-container\">\n\t\t\t\t\t\t\t\t\t<p><em><strong>\u2022 Sentire la libert\u00e0<\/strong><\/em><br \/>un luogo di pace, con splendide viste su prati, boschi e montagne.<\/p><p><em><strong>\u2022 A completare il piacere della vacanza<\/strong><\/em><br \/>situato in una posizione facilmente raggiungibile nel cuore dell\u2019Alto Adige. Ottimo punto di partenza per le vostre escursioni in tutto l\u2019Alto Adige.<\/p><p><em><strong>\u2022 Un soggiorno confortevole<\/strong><\/em><br \/>4 appartamenti per 2-5 persone, arredati con stile e con materiali naturali.<\/p>\t\t\t\t\t\t\t\t<\/div>\n\t\t\t\t<\/div>\n\t\t\t\t\t<\/div>\n\t\t<\/div>\n\t\t\t\t<div class=\"elementor-column elementor-col-50 elementor-top-column elementor-element elementor-element-b25f9a8\" data-id=\"b25f9a8\" data-element_type=\"column\">\n\t\t\t<div class=\"elementor-widget-wrap elementor-element-populated\">\n\t\t\t\t\t\t<div class=\"elementor-element elementor-element-9db032b elementor-widget elementor-widget-text-editor\" data-id=\"9db032b\" data-element_type=\"widget\" data-widget_type=\"text-editor.default\">\n\t\t\t\t<div class=\"elementor-widget-container\">\n\t\t\t\t\t\t\t\t\t<p><strong><em>\u2022 Il piacere dei frutteti<\/em> <br \/><\/strong> frutta, erbe, bacche \u2013 una grande variet\u00e0 da scoprire e gustare.<\/p><p><em><strong>\u2022 Fare il pieno di energia<\/strong><\/em><br \/>rose in fiore, lavanda profumata. Splendida zona giardino per rilassarsi e sentirsi a proprio agio.<\/p><p><em><strong>\u2022 Divertimento nel tempo libero<\/strong><\/em><br \/>area vacanze sci e malghe Gitschberg-Jochtal, la Plose, paradiso dello sci e dell\u2019escursionismo, una perfetta rete di piste ciclabili e molto altro nelle nostre vicinanze.<\/p>\t\t\t\t\t\t\t\t<\/div>\n\t\t\t\t<\/div>\n\t\t\t\t\t<\/div>\n\t\t<\/div>\n\t\t\t\t\t<\/div>\n\t\t<\/section>\n\t\t\t\t<section class=\"elementor-section elementor-top-section elementor-element elementor-element-fb06f07 elementor-section-boxed elementor-section-height-default elementor-section-height-default\" data-id=\"fb06f07\" data-element_type=\"section\">\n\t\t\t\t\t\t<div class=\"elementor-container elementor-column-gap-default\">\n\t\t\t\t\t<div class=\"elementor-column elementor-col-50 elementor-top-column elementor-element elementor-element-72ff930\" data-id=\"72ff930\" data-element_type=\"column\">\n\t\t\t<div class=\"elementor-widget-wrap elementor-element-populated\">\n\t\t\t\t\t\t<div class=\"elementor-element elementor-element-4dd196a elementor-widget elementor-widget-image\" data-id=\"4dd196a\" data-element_type=\"widget\" data-widget_type=\"image.default\">\n\t\t\t\t<div class=\"elementor-widget-container\">\n\t\t\t\t\t\t\t\t\t\t\t\t\t\t\t<img decoding=\"async\" width=\"768\" height=\"512\" src=\"https:\/\/obsthof-moser.com\/wp-content\/uploads\/2026\/03\/Obsthof-Moser-115-768x512.jpg\" class=\"attachment-medium_large size-medium_large wp-image-15698\" alt=\"\" srcset=\"https:\/\/obsthof-moser.com\/wp-content\/uploads\/2026\/03\/Obsthof-Moser-115-768x512.jpg 768w, https:\/\/obsthof-moser.com\/wp-content\/uploads\/2026\/03\/Obsthof-Moser-115-300x200.jpg 300w, https:\/\/obsthof-moser.com\/wp-content\/uploads\/2026\/03\/Obsthof-Moser-115-1024x683.jpg 1024w, https:\/\/obsthof-moser.com\/wp-content\/uploads\/2026\/03\/Obsthof-Moser-115-1536x1024.jpg 1536w, https:\/\/obsthof-moser.com\/wp-content\/uploads\/2026\/03\/Obsthof-Moser-115-2048x1366.jpg 2048w\" sizes=\"(max-width: 768px) 100vw, 768px\" \/>\t\t\t\t\t\t\t\t\t\t\t\t\t\t\t<\/div>\n\t\t\t\t<\/div>\n\t\t\t\t\t<\/div>\n\t\t<\/div>\n\t\t\t\t<div class=\"elementor-column elementor-col-50 elementor-top-column elementor-element elementor-element-504c7ec\" data-id=\"504c7ec\" data-element_type=\"column\">\n\t\t\t<div class=\"elementor-widget-wrap elementor-element-populated\">\n\t\t\t\t\t\t<div class=\"elementor-element elementor-element-6087d9f elementor-hidden-mobile elementor-widget elementor-widget-image\" data-id=\"6087d9f\" data-element_type=\"widget\" data-widget_type=\"image.default\">\n\t\t\t\t<div class=\"elementor-widget-container\">\n\t\t\t\t\t\t\t\t\t\t\t\t\t\t\t<img decoding=\"async\" width=\"768\" height=\"512\" src=\"https:\/\/obsthof-moser.com\/wp-content\/uploads\/2026\/03\/Obsthof-Moser-040-768x512.jpg\" class=\"attachment-medium_large size-medium_large wp-image-15716\" alt=\"\" srcset=\"https:\/\/obsthof-moser.com\/wp-content\/uploads\/2026\/03\/Obsthof-Moser-040-768x512.jpg 768w, https:\/\/obsthof-moser.com\/wp-content\/uploads\/2026\/03\/Obsthof-Moser-040-300x200.jpg 300w, https:\/\/obsthof-moser.com\/wp-content\/uploads\/2026\/03\/Obsthof-Moser-040-1024x683.jpg 1024w, https:\/\/obsthof-moser.com\/wp-content\/uploads\/2026\/03\/Obsthof-Moser-040-1536x1024.jpg 1536w, https:\/\/obsthof-moser.com\/wp-content\/uploads\/2026\/03\/Obsthof-Moser-040-2048x1366.jpg 2048w\" sizes=\"(max-width: 768px) 100vw, 768px\" \/>\t\t\t\t\t\t\t\t\t\t\t\t\t\t\t<\/div>\n\t\t\t\t<\/div>\n\t\t\t\t\t<\/div>\n\t\t<\/div>\n\t\t\t\t\t<\/div>\n\t\t<\/section>\n\t\t\t\t<section class=\"elementor-section elementor-top-section elementor-element elementor-element-7be7c05 elementor-section-boxed elementor-section-height-default elementor-section-height-default\" data-id=\"7be7c05\" data-element_type=\"section\" data-settings=\"{&quot;background_background&quot;:&quot;classic&quot;}\">\n\t\t\t\t\t\t<div class=\"elementor-container elementor-column-gap-no\">\n\t\t\t\t\t<div class=\"elementor-column elementor-col-100 elementor-top-column elementor-element elementor-element-0fcd071\" data-id=\"0fcd071\" data-element_type=\"column\">\n\t\t\t<div class=\"elementor-widget-wrap elementor-element-populated\">\n\t\t\t\t\t\t<div class=\"elementor-element elementor-element-ecab4f4 elementor-widget elementor-widget-text-editor\" data-id=\"ecab4f4\" data-element_type=\"widget\" data-widget_type=\"text-editor.default\">\n\t\t\t\t<div class=\"elementor-widget-container\">\n\t\t\t\t\t\t\t\t\t<h3>I nostri appartamenti a Sciaves<\/h3><p>Quattro appartamenti per vacanze vi faranno sentire a vostro agio all\u2019Obsthof Moser di Sciaves. Rilassatevi in questi appartamenti accoglienti, arredati con gusto in legno, e godetevi la vostra vacanza in Alto Adige a Bressanone. Rilassatevi in \u200b\u200bquesti accoglienti appartamenti arredati con legno e godetevi la vostra vacanza vicino a Bressanone in Alto Adige.<\/p>\t\t\t\t\t\t\t\t<\/div>\n\t\t\t\t<\/div>\n\t\t\t\t<section class=\"elementor-section elementor-inner-section elementor-element elementor-element-a39e7b7 elementor-section-boxed elementor-section-height-default elementor-section-height-default\" data-id=\"a39e7b7\" data-element_type=\"section\">\n\t\t\t\t\t\t<div class=\"elementor-container elementor-column-gap-no\">\n\t\t\t\t\t<div class=\"elementor-column elementor-col-25 elementor-inner-column elementor-element elementor-element-d196458\" data-id=\"d196458\" data-element_type=\"column\">\n\t\t\t<div class=\"elementor-widget-wrap elementor-element-populated\">\n\t\t\t\t\t\t<div class=\"elementor-element elementor-element-d82db00 elementor-widget elementor-widget-image\" data-id=\"d82db00\" data-element_type=\"widget\" data-widget_type=\"image.default\">\n\t\t\t\t<div class=\"elementor-widget-container\">\n\t\t\t\t\t\t\t\t\t\t\t\t\t\t\t<img loading=\"lazy\" decoding=\"async\" width=\"768\" height=\"433\" src=\"https:\/\/obsthof-moser.com\/wp-content\/uploads\/2026\/03\/Obsthof-Moser-040-1-2-768x433.jpg\" class=\"attachment-medium_large size-medium_large wp-image-16114\" alt=\"\" srcset=\"https:\/\/obsthof-moser.com\/wp-content\/uploads\/2026\/03\/Obsthof-Moser-040-1-2-768x433.jpg 768w, https:\/\/obsthof-moser.com\/wp-content\/uploads\/2026\/03\/Obsthof-Moser-040-1-2-300x169.jpg 300w, https:\/\/obsthof-moser.com\/wp-content\/uploads\/2026\/03\/Obsthof-Moser-040-1-2-1024x577.jpg 1024w, https:\/\/obsthof-moser.com\/wp-content\/uploads\/2026\/03\/Obsthof-Moser-040-1-2.jpg 1198w\" sizes=\"(max-width: 768px) 100vw, 768px\" \/>\t\t\t\t\t\t\t\t\t\t\t\t\t\t\t<\/div>\n\t\t\t\t<\/div>\n\t\t\t\t<div class=\"elementor-element elementor-element-c35ad4a elementor-widget elementor-widget-image-box\" data-id=\"c35ad4a\" data-element_type=\"widget\" data-widget_type=\"image-box.default\">\n\t\t\t\t<div class=\"elementor-widget-container\">\n\t\t\t\t\t<div class=\"elementor-image-box-wrapper\"><div class=\"elementor-image-box-content\"><h4 class=\"elementor-image-box-title\">Appartamento<br>CORNUS<\/h4><p class=\"elementor-image-box-description\">2 - 4 persone | 46 m\u00b2 <\/p><\/div><\/div>\t\t\t\t<\/div>\n\t\t\t\t<\/div>\n\t\t\t\t<div class=\"elementor-element elementor-element-6f888f6 elementor-align-left elementor-widget elementor-widget-button\" data-id=\"6f888f6\" data-element_type=\"widget\" data-widget_type=\"button.default\">\n\t\t\t\t<div class=\"elementor-widget-container\">\n\t\t\t\t\t\t\t\t\t<div class=\"elementor-button-wrapper\">\n\t\t\t\t\t<a class=\"elementor-button elementor-button-link elementor-size-sm elementor-animation-grow\" href=\"https:\/\/obsthof-moser.com\/it\/appartamenti\/\">\n\t\t\t\t\t\t<span class=\"elementor-button-content-wrapper\">\n\t\t\t\t\t\t\t\t\t<span class=\"elementor-button-text\">Scopri di pi\u00f9<\/span>\n\t\t\t\t\t<\/span>\n\t\t\t\t\t<\/a>\n\t\t\t\t<\/div>\n\t\t\t\t\t\t\t\t<\/div>\n\t\t\t\t<\/div>\n\t\t\t\t\t<\/div>\n\t\t<\/div>\n\t\t\t\t<div class=\"elementor-column elementor-col-25 elementor-inner-column elementor-element elementor-element-1059a11\" data-id=\"1059a11\" data-element_type=\"column\">\n\t\t\t<div class=\"elementor-widget-wrap elementor-element-populated\">\n\t\t\t\t\t\t<div class=\"elementor-element elementor-element-abaa3da elementor-widget elementor-widget-image\" data-id=\"abaa3da\" data-element_type=\"widget\" data-widget_type=\"image.default\">\n\t\t\t\t<div class=\"elementor-widget-container\">\n\t\t\t\t\t\t\t\t\t\t\t\t\t\t\t<img loading=\"lazy\" decoding=\"async\" width=\"768\" height=\"432\" src=\"https:\/\/obsthof-moser.com\/wp-content\/uploads\/2026\/03\/Obsthof-Moser-010-1-768x432.jpg\" class=\"attachment-medium_large size-medium_large wp-image-16119\" alt=\"\" srcset=\"https:\/\/obsthof-moser.com\/wp-content\/uploads\/2026\/03\/Obsthof-Moser-010-1-768x432.jpg 768w, https:\/\/obsthof-moser.com\/wp-content\/uploads\/2026\/03\/Obsthof-Moser-010-1-300x169.jpg 300w, https:\/\/obsthof-moser.com\/wp-content\/uploads\/2026\/03\/Obsthof-Moser-010-1-1024x576.jpg 1024w, https:\/\/obsthof-moser.com\/wp-content\/uploads\/2026\/03\/Obsthof-Moser-010-1.jpg 1200w\" sizes=\"(max-width: 768px) 100vw, 768px\" \/>\t\t\t\t\t\t\t\t\t\t\t\t\t\t\t<\/div>\n\t\t\t\t<\/div>\n\t\t\t\t<div class=\"elementor-element elementor-element-730fa33 elementor-widget elementor-widget-image-box\" data-id=\"730fa33\" data-element_type=\"widget\" data-widget_type=\"image-box.default\">\n\t\t\t\t<div class=\"elementor-widget-container\">\n\t\t\t\t\t<div class=\"elementor-image-box-wrapper\"><div class=\"elementor-image-box-content\"><h4 class=\"elementor-image-box-title\">Appartamento<br>FLORINA<\/h4><p class=\"elementor-image-box-description\">2 - 5 persone | 52 m\u00b2<\/p><\/div><\/div>\t\t\t\t<\/div>\n\t\t\t\t<\/div>\n\t\t\t\t<div class=\"elementor-element elementor-element-b9edecc elementor-align-left elementor-widget elementor-widget-button\" data-id=\"b9edecc\" data-element_type=\"widget\" data-widget_type=\"button.default\">\n\t\t\t\t<div class=\"elementor-widget-container\">\n\t\t\t\t\t\t\t\t\t<div class=\"elementor-button-wrapper\">\n\t\t\t\t\t<a class=\"elementor-button elementor-button-link elementor-size-sm elementor-animation-grow\" href=\"https:\/\/obsthof-moser.com\/it\/appartamenti\/\">\n\t\t\t\t\t\t<span class=\"elementor-button-content-wrapper\">\n\t\t\t\t\t\t\t\t\t<span class=\"elementor-button-text\">Scopri di pi\u00f9<\/span>\n\t\t\t\t\t<\/span>\n\t\t\t\t\t<\/a>\n\t\t\t\t<\/div>\n\t\t\t\t\t\t\t\t<\/div>\n\t\t\t\t<\/div>\n\t\t\t\t\t<\/div>\n\t\t<\/div>\n\t\t\t\t<div class=\"elementor-column elementor-col-25 elementor-inner-column elementor-element elementor-element-634c060\" data-id=\"634c060\" data-element_type=\"column\">\n\t\t\t<div class=\"elementor-widget-wrap elementor-element-populated\">\n\t\t\t\t\t\t<div class=\"elementor-element elementor-element-8f12e29 elementor-widget elementor-widget-image\" data-id=\"8f12e29\" data-element_type=\"widget\" data-widget_type=\"image.default\">\n\t\t\t\t<div class=\"elementor-widget-container\">\n\t\t\t\t\t\t\t\t\t\t\t\t\t\t\t<img loading=\"lazy\" decoding=\"async\" width=\"768\" height=\"432\" src=\"https:\/\/obsthof-moser.com\/wp-content\/uploads\/2026\/03\/Obsthof-Moser-089-1-2-768x432.jpg\" class=\"attachment-medium_large size-medium_large wp-image-16107\" alt=\"\" srcset=\"https:\/\/obsthof-moser.com\/wp-content\/uploads\/2026\/03\/Obsthof-Moser-089-1-2-768x432.jpg 768w, https:\/\/obsthof-moser.com\/wp-content\/uploads\/2026\/03\/Obsthof-Moser-089-1-2-300x169.jpg 300w, https:\/\/obsthof-moser.com\/wp-content\/uploads\/2026\/03\/Obsthof-Moser-089-1-2-1024x576.jpg 1024w, https:\/\/obsthof-moser.com\/wp-content\/uploads\/2026\/03\/Obsthof-Moser-089-1-2.jpg 1199w\" sizes=\"(max-width: 768px) 100vw, 768px\" \/>\t\t\t\t\t\t\t\t\t\t\t\t\t\t\t<\/div>\n\t\t\t\t<\/div>\n\t\t\t\t<div class=\"elementor-element elementor-element-77cad05 elementor-widget elementor-widget-image-box\" data-id=\"77cad05\" data-element_type=\"widget\" data-widget_type=\"image-box.default\">\n\t\t\t\t<div class=\"elementor-widget-container\">\n\t\t\t\t\t<div class=\"elementor-image-box-wrapper\"><div class=\"elementor-image-box-content\"><h4 class=\"elementor-image-box-title\">Appartamento<br>CLEMATIS<\/h4><p class=\"elementor-image-box-description\">2 - 5 persone | 65 m\u00b2<\/p><\/div><\/div>\t\t\t\t<\/div>\n\t\t\t\t<\/div>\n\t\t\t\t<div class=\"elementor-element elementor-element-a7a217c elementor-align-left elementor-widget elementor-widget-button\" data-id=\"a7a217c\" data-element_type=\"widget\" data-widget_type=\"button.default\">\n\t\t\t\t<div class=\"elementor-widget-container\">\n\t\t\t\t\t\t\t\t\t<div class=\"elementor-button-wrapper\">\n\t\t\t\t\t<a class=\"elementor-button elementor-button-link elementor-size-sm elementor-animation-grow\" href=\"https:\/\/obsthof-moser.com\/it\/appartamenti\/\">\n\t\t\t\t\t\t<span class=\"elementor-button-content-wrapper\">\n\t\t\t\t\t\t\t\t\t<span class=\"elementor-button-text\">Scopri di pi\u00f9<\/span>\n\t\t\t\t\t<\/span>\n\t\t\t\t\t<\/a>\n\t\t\t\t<\/div>\n\t\t\t\t\t\t\t\t<\/div>\n\t\t\t\t<\/div>\n\t\t\t\t\t<\/div>\n\t\t<\/div>\n\t\t\t\t<div class=\"elementor-column elementor-col-25 elementor-inner-column elementor-element elementor-element-07d1928\" data-id=\"07d1928\" data-element_type=\"column\">\n\t\t\t<div class=\"elementor-widget-wrap elementor-element-populated\">\n\t\t\t\t\t\t<div class=\"elementor-element elementor-element-d0eb9be elementor-widget elementor-widget-image\" data-id=\"d0eb9be\" data-element_type=\"widget\" data-widget_type=\"image.default\">\n\t\t\t\t<div class=\"elementor-widget-container\">\n\t\t\t\t\t\t\t\t\t\t\t\t\t\t\t<img loading=\"lazy\" decoding=\"async\" width=\"768\" height=\"432\" src=\"https:\/\/obsthof-moser.com\/wp-content\/uploads\/2026\/03\/Obsthof-Moser-065-1-1-768x432.jpg\" class=\"attachment-medium_large size-medium_large wp-image-16112\" alt=\"\" srcset=\"https:\/\/obsthof-moser.com\/wp-content\/uploads\/2026\/03\/Obsthof-Moser-065-1-1-768x432.jpg 768w, https:\/\/obsthof-moser.com\/wp-content\/uploads\/2026\/03\/Obsthof-Moser-065-1-1-300x169.jpg 300w, https:\/\/obsthof-moser.com\/wp-content\/uploads\/2026\/03\/Obsthof-Moser-065-1-1-1024x576.jpg 1024w, https:\/\/obsthof-moser.com\/wp-content\/uploads\/2026\/03\/Obsthof-Moser-065-1-1.jpg 1200w\" sizes=\"(max-width: 768px) 100vw, 768px\" \/>\t\t\t\t\t\t\t\t\t\t\t\t\t\t\t<\/div>\n\t\t\t\t<\/div>\n\t\t\t\t<div class=\"elementor-element elementor-element-98a69cb elementor-widget elementor-widget-image-box\" data-id=\"98a69cb\" data-element_type=\"widget\" data-widget_type=\"image-box.default\">\n\t\t\t\t<div class=\"elementor-widget-container\">\n\t\t\t\t\t<div class=\"elementor-image-box-wrapper\"><div class=\"elementor-image-box-content\"><h4 class=\"elementor-image-box-title\">Appartamento<br>LAVENDEL<\/h4><p class=\"elementor-image-box-description\">2 - 4 persone | 47 m\u00b2<\/p><\/div><\/div>\t\t\t\t<\/div>\n\t\t\t\t<\/div>\n\t\t\t\t<div class=\"elementor-element elementor-element-d0aba3f elementor-align-left elementor-widget elementor-widget-button\" data-id=\"d0aba3f\" data-element_type=\"widget\" data-widget_type=\"button.default\">\n\t\t\t\t<div class=\"elementor-widget-container\">\n\t\t\t\t\t\t\t\t\t<div class=\"elementor-button-wrapper\">\n\t\t\t\t\t<a class=\"elementor-button elementor-button-link elementor-size-sm elementor-animation-grow\" href=\"https:\/\/obsthof-moser.com\/it\/appartamenti\/\">\n\t\t\t\t\t\t<span class=\"elementor-button-content-wrapper\">\n\t\t\t\t\t\t\t\t\t<span class=\"elementor-button-text\">Scopri di pi\u00f9<\/span>\n\t\t\t\t\t<\/span>\n\t\t\t\t\t<\/a>\n\t\t\t\t<\/div>\n\t\t\t\t\t\t\t\t<\/div>\n\t\t\t\t<\/div>\n\t\t\t\t\t<\/div>\n\t\t<\/div>\n\t\t\t\t\t<\/div>\n\t\t<\/section>\n\t\t\t\t\t<\/div>\n\t\t<\/div>\n\t\t\t\t\t<\/div>\n\t\t<\/section>\n\t\t\t\t<section class=\"elementor-section elementor-top-section elementor-element elementor-element-dba6443 elementor-section-boxed elementor-section-height-default elementor-section-height-default\" data-id=\"dba6443\" data-element_type=\"section\" data-settings=\"{&quot;background_background&quot;:&quot;gradient&quot;}\">\n\t\t\t\t\t\t<div class=\"elementor-container elementor-column-gap-no\">\n\t\t\t\t\t<div class=\"elementor-column elementor-col-100 elementor-top-column elementor-element elementor-element-9ce8083\" data-id=\"9ce8083\" data-element_type=\"column\">\n\t\t\t<div class=\"elementor-widget-wrap elementor-element-populated\">\n\t\t\t\t\t\t<div class=\"elementor-element elementor-element-333142d elementor-widget elementor-widget-image-box\" data-id=\"333142d\" data-element_type=\"widget\" data-widget_type=\"image-box.default\">\n\t\t\t\t<div class=\"elementor-widget-container\">\n\t\t\t\t\t<div class=\"elementor-image-box-wrapper\"><div class=\"elementor-image-box-content\"><h3 class=\"elementor-image-box-title\">Galleria<\/h3><p class=\"elementor-image-box-description\">La vostra vacanza all\u2019Obsthof Moser in foto. Godetevi l\u2019attesa e scoprite cosa vi aspetta nella vostra vacanza al maso a Sciaves, in Alto Adige, nel vostro appartamento di vacanza vicino a Bressanone.<\/p><\/div><\/div>\t\t\t\t<\/div>\n\t\t\t\t<\/div>\n\t\t\t\t<section class=\"elementor-section elementor-inner-section elementor-element elementor-element-c9ab747 elementor-section-boxed elementor-section-height-default elementor-section-height-default\" data-id=\"c9ab747\" data-element_type=\"section\">\n\t\t\t\t\t\t<div class=\"elementor-container elementor-column-gap-default\">\n\t\t\t\t\t<div class=\"elementor-column elementor-col-33 elementor-inner-column elementor-element elementor-element-37bd392\" data-id=\"37bd392\" data-element_type=\"column\">\n\t\t\t<div class=\"elementor-widget-wrap elementor-element-populated\">\n\t\t\t\t\t\t<div class=\"elementor-element elementor-element-81a5daf elementor-widget elementor-widget-image\" data-id=\"81a5daf\" data-element_type=\"widget\" data-widget_type=\"image.default\">\n\t\t\t\t<div class=\"elementor-widget-container\">\n\t\t\t\t\t\t\t\t\t\t\t\t\t\t\t\t<a href=\"https:\/\/obsthof-moser.com\/wp-content\/uploads\/2026\/03\/Obsthof-Moser-123.jpg\" data-elementor-open-lightbox=\"yes\" data-e-action-hash=\"#elementor-action%3Aaction%3Dlightbox%26settings%3DeyJpZCI6MTU3MjgsInVybCI6Imh0dHBzOlwvXC9vYnN0aG9mLW1vc2VyLmNvbVwvd3AtY29udGVudFwvdXBsb2Fkc1wvMjAyNlwvMDNcL09ic3Rob2YtTW9zZXItMTIzLmpwZyJ9\">\n\t\t\t\t\t\t\t<img loading=\"lazy\" decoding=\"async\" width=\"768\" height=\"512\" src=\"https:\/\/obsthof-moser.com\/wp-content\/uploads\/2026\/03\/Obsthof-Moser-123-768x512.jpg\" class=\"attachment-medium_large size-medium_large wp-image-15728\" alt=\"\" srcset=\"https:\/\/obsthof-moser.com\/wp-content\/uploads\/2026\/03\/Obsthof-Moser-123-768x512.jpg 768w, https:\/\/obsthof-moser.com\/wp-content\/uploads\/2026\/03\/Obsthof-Moser-123-300x200.jpg 300w, https:\/\/obsthof-moser.com\/wp-content\/uploads\/2026\/03\/Obsthof-Moser-123-1024x683.jpg 1024w, https:\/\/obsthof-moser.com\/wp-content\/uploads\/2026\/03\/Obsthof-Moser-123-1536x1024.jpg 1536w, https:\/\/obsthof-moser.com\/wp-content\/uploads\/2026\/03\/Obsthof-Moser-123-2048x1366.jpg 2048w\" sizes=\"(max-width: 768px) 100vw, 768px\" \/>\t\t\t\t\t\t\t\t<\/a>\n\t\t\t\t\t\t\t\t\t\t\t\t\t\t\t<\/div>\n\t\t\t\t<\/div>\n\t\t\t\t<div class=\"elementor-element elementor-element-29f7573 elementor-hidden-tablet elementor-hidden-mobile elementor-widget elementor-widget-image\" data-id=\"29f7573\" data-element_type=\"widget\" data-widget_type=\"image.default\">\n\t\t\t\t<div class=\"elementor-widget-container\">\n\t\t\t\t\t\t\t\t\t\t\t\t\t\t\t\t<a href=\"https:\/\/obsthof-moser.com\/wp-content\/uploads\/2026\/03\/Obsthof-Moser-028.jpg\" data-elementor-open-lightbox=\"yes\" data-e-action-hash=\"#elementor-action%3Aaction%3Dlightbox%26settings%3DeyJpZCI6MTU2OTAsInVybCI6Imh0dHBzOlwvXC9vYnN0aG9mLW1vc2VyLmNvbVwvd3AtY29udGVudFwvdXBsb2Fkc1wvMjAyNlwvMDNcL09ic3Rob2YtTW9zZXItMDI4LmpwZyJ9\">\n\t\t\t\t\t\t\t<img loading=\"lazy\" decoding=\"async\" width=\"768\" height=\"512\" src=\"https:\/\/obsthof-moser.com\/wp-content\/uploads\/2026\/03\/Obsthof-Moser-028-768x512.jpg\" class=\"attachment-medium_large size-medium_large wp-image-15690\" alt=\"\" srcset=\"https:\/\/obsthof-moser.com\/wp-content\/uploads\/2026\/03\/Obsthof-Moser-028-768x512.jpg 768w, https:\/\/obsthof-moser.com\/wp-content\/uploads\/2026\/03\/Obsthof-Moser-028-300x200.jpg 300w, https:\/\/obsthof-moser.com\/wp-content\/uploads\/2026\/03\/Obsthof-Moser-028-1024x683.jpg 1024w, https:\/\/obsthof-moser.com\/wp-content\/uploads\/2026\/03\/Obsthof-Moser-028-1536x1024.jpg 1536w, https:\/\/obsthof-moser.com\/wp-content\/uploads\/2026\/03\/Obsthof-Moser-028-2048x1366.jpg 2048w\" sizes=\"(max-width: 768px) 100vw, 768px\" \/>\t\t\t\t\t\t\t\t<\/a>\n\t\t\t\t\t\t\t\t\t\t\t\t\t\t\t<\/div>\n\t\t\t\t<\/div>\n\t\t\t\t\t<\/div>\n\t\t<\/div>\n\t\t\t\t<div class=\"elementor-column elementor-col-66 elementor-inner-column elementor-element elementor-element-eb320c8\" data-id=\"eb320c8\" data-element_type=\"column\">\n\t\t\t<div class=\"elementor-widget-wrap elementor-element-populated\">\n\t\t\t\t\t\t<div class=\"elementor-element elementor-element-02bb798 elementor-hidden-tablet elementor-hidden-mobile elementor-widget elementor-widget-image\" data-id=\"02bb798\" data-element_type=\"widget\" data-widget_type=\"image.default\">\n\t\t\t\t<div class=\"elementor-widget-container\">\n\t\t\t\t\t\t\t\t\t\t\t\t\t\t\t\t<a href=\"https:\/\/obsthof-moser.com\/wp-content\/uploads\/2026\/03\/Obsthof-Moser-053-1.jpg\" data-elementor-open-lightbox=\"yes\" data-e-action-hash=\"#elementor-action%3Aaction%3Dlightbox%26settings%3DeyJpZCI6MTU4NTUsInVybCI6Imh0dHBzOlwvXC9vYnN0aG9mLW1vc2VyLmNvbVwvd3AtY29udGVudFwvdXBsb2Fkc1wvMjAyNlwvMDNcL09ic3Rob2YtTW9zZXItMDUzLTEuanBnIn0%3D\">\n\t\t\t\t\t\t\t<img loading=\"lazy\" decoding=\"async\" width=\"1024\" height=\"683\" src=\"https:\/\/obsthof-moser.com\/wp-content\/uploads\/2026\/03\/Obsthof-Moser-053-1-1024x683.jpg\" class=\"attachment-large size-large wp-image-15855\" alt=\"\" srcset=\"https:\/\/obsthof-moser.com\/wp-content\/uploads\/2026\/03\/Obsthof-Moser-053-1-1024x683.jpg 1024w, https:\/\/obsthof-moser.com\/wp-content\/uploads\/2026\/03\/Obsthof-Moser-053-1-300x200.jpg 300w, https:\/\/obsthof-moser.com\/wp-content\/uploads\/2026\/03\/Obsthof-Moser-053-1-768x512.jpg 768w, https:\/\/obsthof-moser.com\/wp-content\/uploads\/2026\/03\/Obsthof-Moser-053-1-1536x1024.jpg 1536w, https:\/\/obsthof-moser.com\/wp-content\/uploads\/2026\/03\/Obsthof-Moser-053-1-2048x1366.jpg 2048w\" sizes=\"(max-width: 1024px) 100vw, 1024px\" \/>\t\t\t\t\t\t\t\t<\/a>\n\t\t\t\t\t\t\t\t\t\t\t\t\t\t\t<\/div>\n\t\t\t\t<\/div>\n\t\t\t\t\t<\/div>\n\t\t<\/div>\n\t\t\t\t\t<\/div>\n\t\t<\/section>\n\t\t\t\t<section class=\"elementor-section elementor-inner-section elementor-element elementor-element-d080c87 elementor-section-boxed elementor-section-height-default elementor-section-height-default\" data-id=\"d080c87\" data-element_type=\"section\">\n\t\t\t\t\t\t<div class=\"elementor-container elementor-column-gap-default\">\n\t\t\t\t\t<div class=\"elementor-column elementor-col-66 elementor-inner-column elementor-element elementor-element-343bfdc\" data-id=\"343bfdc\" data-element_type=\"column\">\n\t\t\t<div class=\"elementor-widget-wrap elementor-element-populated\">\n\t\t\t\t\t\t<div class=\"elementor-element elementor-element-4b6fef5 elementor-hidden-tablet elementor-hidden-mobile elementor-widget elementor-widget-image\" data-id=\"4b6fef5\" data-element_type=\"widget\" data-widget_type=\"image.default\">\n\t\t\t\t<div class=\"elementor-widget-container\">\n\t\t\t\t\t\t\t\t\t\t\t\t\t\t\t\t<a href=\"https:\/\/obsthof-moser.com\/wp-content\/uploads\/2026\/03\/Obsthof-Moser-125.jpg\" data-elementor-open-lightbox=\"yes\" data-e-action-hash=\"#elementor-action%3Aaction%3Dlightbox%26settings%3DeyJpZCI6MTU3NTEsInVybCI6Imh0dHBzOlwvXC9vYnN0aG9mLW1vc2VyLmNvbVwvd3AtY29udGVudFwvdXBsb2Fkc1wvMjAyNlwvMDNcL09ic3Rob2YtTW9zZXItMTI1LmpwZyJ9\">\n\t\t\t\t\t\t\t<img loading=\"lazy\" decoding=\"async\" width=\"1024\" height=\"683\" src=\"https:\/\/obsthof-moser.com\/wp-content\/uploads\/2026\/03\/Obsthof-Moser-125-1024x683.jpg\" class=\"attachment-large size-large wp-image-15751\" alt=\"\" srcset=\"https:\/\/obsthof-moser.com\/wp-content\/uploads\/2026\/03\/Obsthof-Moser-125-1024x683.jpg 1024w, https:\/\/obsthof-moser.com\/wp-content\/uploads\/2026\/03\/Obsthof-Moser-125-300x200.jpg 300w, https:\/\/obsthof-moser.com\/wp-content\/uploads\/2026\/03\/Obsthof-Moser-125-768x512.jpg 768w, https:\/\/obsthof-moser.com\/wp-content\/uploads\/2026\/03\/Obsthof-Moser-125-1536x1024.jpg 1536w, https:\/\/obsthof-moser.com\/wp-content\/uploads\/2026\/03\/Obsthof-Moser-125-2048x1366.jpg 2048w\" sizes=\"(max-width: 1024px) 100vw, 1024px\" \/>\t\t\t\t\t\t\t\t<\/a>\n\t\t\t\t\t\t\t\t\t\t\t\t\t\t\t<\/div>\n\t\t\t\t<\/div>\n\t\t\t\t\t<\/div>\n\t\t<\/div>\n\t\t\t\t<div class=\"elementor-column elementor-col-33 elementor-inner-column elementor-element elementor-element-a08857b\" data-id=\"a08857b\" data-element_type=\"column\">\n\t\t\t<div class=\"elementor-widget-wrap elementor-element-populated\">\n\t\t\t\t\t\t<div class=\"elementor-element elementor-element-65b6db1 elementor-widget elementor-widget-image\" data-id=\"65b6db1\" data-element_type=\"widget\" data-widget_type=\"image.default\">\n\t\t\t\t<div class=\"elementor-widget-container\">\n\t\t\t\t\t\t\t\t\t\t\t\t\t\t\t\t<a href=\"https:\/\/obsthof-moser.com\/wp-content\/uploads\/2026\/03\/Obsthof-Moser-108.jpg\" data-elementor-open-lightbox=\"yes\" data-e-action-hash=\"#elementor-action%3Aaction%3Dlightbox%26settings%3DeyJpZCI6MTU2OTYsInVybCI6Imh0dHBzOlwvXC9vYnN0aG9mLW1vc2VyLmNvbVwvd3AtY29udGVudFwvdXBsb2Fkc1wvMjAyNlwvMDNcL09ic3Rob2YtTW9zZXItMTA4LmpwZyJ9\">\n\t\t\t\t\t\t\t<img loading=\"lazy\" decoding=\"async\" width=\"768\" height=\"512\" src=\"https:\/\/obsthof-moser.com\/wp-content\/uploads\/2026\/03\/Obsthof-Moser-108-768x512.jpg\" class=\"attachment-medium_large size-medium_large wp-image-15696\" alt=\"\" srcset=\"https:\/\/obsthof-moser.com\/wp-content\/uploads\/2026\/03\/Obsthof-Moser-108-768x512.jpg 768w, https:\/\/obsthof-moser.com\/wp-content\/uploads\/2026\/03\/Obsthof-Moser-108-300x200.jpg 300w, https:\/\/obsthof-moser.com\/wp-content\/uploads\/2026\/03\/Obsthof-Moser-108-1024x683.jpg 1024w, https:\/\/obsthof-moser.com\/wp-content\/uploads\/2026\/03\/Obsthof-Moser-108-1536x1024.jpg 1536w, https:\/\/obsthof-moser.com\/wp-content\/uploads\/2026\/03\/Obsthof-Moser-108-2048x1366.jpg 2048w\" sizes=\"(max-width: 768px) 100vw, 768px\" \/>\t\t\t\t\t\t\t\t<\/a>\n\t\t\t\t\t\t\t\t\t\t\t\t\t\t\t<\/div>\n\t\t\t\t<\/div>\n\t\t\t\t<div class=\"elementor-element elementor-element-9fae90b elementor-hidden-tablet elementor-hidden-mobile elementor-widget elementor-widget-image\" data-id=\"9fae90b\" data-element_type=\"widget\" data-widget_type=\"image.default\">\n\t\t\t\t<div class=\"elementor-widget-container\">\n\t\t\t\t\t\t\t\t\t\t\t\t\t\t\t\t<a href=\"https:\/\/obsthof-moser.com\/wp-content\/uploads\/2026\/03\/Obsthof-Moser-Lavendel_Galerie.jpg\" data-elementor-open-lightbox=\"yes\" data-e-action-hash=\"#elementor-action%3Aaction%3Dlightbox%26settings%3DeyJpZCI6MTU3OTksInVybCI6Imh0dHBzOlwvXC9vYnN0aG9mLW1vc2VyLmNvbVwvd3AtY29udGVudFwvdXBsb2Fkc1wvMjAyNlwvMDNcL09ic3Rob2YtTW9zZXItTGF2ZW5kZWxfR2FsZXJpZS5qcGcifQ%3D%3D\">\n\t\t\t\t\t\t\t<img loading=\"lazy\" decoding=\"async\" width=\"768\" height=\"467\" src=\"https:\/\/obsthof-moser.com\/wp-content\/uploads\/2026\/03\/Obsthof-Moser-Lavendel_Galerie-768x467.jpg\" class=\"attachment-medium_large size-medium_large wp-image-15799\" alt=\"\" srcset=\"https:\/\/obsthof-moser.com\/wp-content\/uploads\/2026\/03\/Obsthof-Moser-Lavendel_Galerie-768x467.jpg 768w, https:\/\/obsthof-moser.com\/wp-content\/uploads\/2026\/03\/Obsthof-Moser-Lavendel_Galerie-300x183.jpg 300w, https:\/\/obsthof-moser.com\/wp-content\/uploads\/2026\/03\/Obsthof-Moser-Lavendel_Galerie-1024x623.jpg 1024w, https:\/\/obsthof-moser.com\/wp-content\/uploads\/2026\/03\/Obsthof-Moser-Lavendel_Galerie.jpg 1200w\" sizes=\"(max-width: 768px) 100vw, 768px\" \/>\t\t\t\t\t\t\t\t<\/a>\n\t\t\t\t\t\t\t\t\t\t\t\t\t\t\t<\/div>\n\t\t\t\t<\/div>\n\t\t\t\t\t<\/div>\n\t\t<\/div>\n\t\t\t\t\t<\/div>\n\t\t<\/section>\n\t\t\t\t<div class=\"elementor-element elementor-element-45a02c2 elementor-align-center elementor-widget elementor-widget-button\" data-id=\"45a02c2\" data-element_type=\"widget\" data-widget_type=\"button.default\">\n\t\t\t\t<div class=\"elementor-widget-container\">\n\t\t\t\t\t\t\t\t\t<div class=\"elementor-button-wrapper\">\n\t\t\t\t\t<a class=\"elementor-button elementor-button-link elementor-size-sm elementor-animation-grow\" href=\"https:\/\/obsthof-moser.com\/it\/galleria-di-immagini\/\">\n\t\t\t\t\t\t<span class=\"elementor-button-content-wrapper\">\n\t\t\t\t\t\t\t\t\t<span class=\"elementor-button-text\">Altre foto<\/span>\n\t\t\t\t\t<\/span>\n\t\t\t\t\t<\/a>\n\t\t\t\t<\/div>\n\t\t\t\t\t\t\t\t<\/div>\n\t\t\t\t<\/div>\n\t\t\t\t\t<\/div>\n\t\t<\/div>\n\t\t\t\t\t<\/div>\n\t\t<\/section>\n\t\t\t\t<section class=\"elementor-section elementor-top-section elementor-element elementor-element-3012a23 elementor-hidden-desktop elementor-hidden-mobile elementor-hidden-tablet elementor-section-boxed elementor-section-height-default elementor-section-height-default\" data-id=\"3012a23\" data-element_type=\"section\" data-settings=\"{&quot;background_background&quot;:&quot;classic&quot;}\">\n\t\t\t\t\t\t<div class=\"elementor-container elementor-column-gap-no\">\n\t\t\t\t\t<div class=\"elementor-column elementor-col-100 elementor-top-column elementor-element elementor-element-604e39b\" data-id=\"604e39b\" data-element_type=\"column\">\n\t\t\t<div class=\"elementor-widget-wrap elementor-element-populated\">\n\t\t\t\t\t\t<div class=\"elementor-element elementor-element-561c854 elementor-widget elementor-widget-image-box\" data-id=\"561c854\" data-element_type=\"widget\" data-widget_type=\"image-box.default\">\n\t\t\t\t<div class=\"elementor-widget-container\">\n\t\t\t\t\t<div class=\"elementor-image-box-wrapper\"><div class=\"elementor-image-box-content\"><h2 class=\"elementor-image-box-title\">I nostri ospiti dicono questo<\/h2><p class=\"elementor-image-box-description\">Siamo qui per aiutarvi a godere le vostre vacanze\n\n<\/p><\/div><\/div>\t\t\t\t<\/div>\n\t\t\t\t<\/div>\n\t\t\t\t<section class=\"elementor-section elementor-inner-section elementor-element elementor-element-6d22c76 elementor-section-boxed elementor-section-height-default elementor-section-height-default\" data-id=\"6d22c76\" data-element_type=\"section\">\n\t\t\t\t\t\t<div class=\"elementor-container elementor-column-gap-default\">\n\t\t\t\t\t<div class=\"elementor-column elementor-col-50 elementor-inner-column elementor-element elementor-element-68531bf\" data-id=\"68531bf\" data-element_type=\"column\">\n\t\t\t<div class=\"elementor-widget-wrap elementor-element-populated\">\n\t\t\t\t\t\t<div class=\"elementor-element elementor-element-d72d291 elementor--star-style-star_fontawesome elementor-widget elementor-widget-star-rating\" data-id=\"d72d291\" data-element_type=\"widget\" data-widget_type=\"star-rating.default\">\n\t\t\t\t<div class=\"elementor-widget-container\">\n\t\t\t\t\t\n\t\t<div class=\"elementor-star-rating__wrapper\">\n\t\t\t\t\t\t<div class=\"elementor-star-rating\" title=\"4\/5\" itemtype=\"http:\/\/schema.org\/Rating\" itemscope=\"\" itemprop=\"reviewRating\"><i class=\"elementor-star-full\">&#xE934;<\/i><i class=\"elementor-star-full\">&#xE934;<\/i><i class=\"elementor-star-full\">&#xE934;<\/i><i class=\"elementor-star-full\">&#xE934;<\/i><i class=\"elementor-star-empty\">&#xE934;<\/i> <span itemprop=\"ratingValue\" class=\"elementor-screen-only\">4\/5<\/span><\/div>\t\t<\/div>\n\t\t\t\t\t\t<\/div>\n\t\t\t\t<\/div>\n\t\t\t\t<div class=\"elementor-element elementor-element-50615be elementor-widget elementor-widget-testimonial\" data-id=\"50615be\" data-element_type=\"widget\" data-widget_type=\"testimonial.default\">\n\t\t\t\t<div class=\"elementor-widget-container\">\n\t\t\t\t\t\t\t<div class=\"elementor-testimonial-wrapper\">\n\t\t\t\t\t\t\t<div class=\"elementor-testimonial-content\">\"Super Ort um Ferien zu machen, ein Wundersch\u00f6ner Ausblick vom Haus aus und ein toller Garten wo man die ruhe genie\u00dfen kann und wo die Kinder Spielen k\u00f6nnen\"<\/div>\n\t\t\t\n\t\t\t\t\t\t<div class=\"elementor-testimonial-meta\">\n\t\t\t\t<div class=\"elementor-testimonial-meta-inner\">\n\t\t\t\t\t\n\t\t\t\t\t\t\t\t\t\t<div class=\"elementor-testimonial-details\">\n\t\t\t\t\t\t\t\t\t\t\t\t\t\t<div class=\"elementor-testimonial-name\">Margit H\u00e4usler<\/div>\n\t\t\t\t\t\t\t\t\t\t\t\t\t\t\t\t\t\t\t<\/div>\n\t\t\t\t\t\t\t\t\t<\/div>\n\t\t\t<\/div>\n\t\t\t\t\t<\/div>\n\t\t\t\t\t\t<\/div>\n\t\t\t\t<\/div>\n\t\t\t\t<div class=\"elementor-element elementor-element-c072743 elementor--star-style-star_fontawesome elementor-widget elementor-widget-star-rating\" data-id=\"c072743\" data-element_type=\"widget\" data-widget_type=\"star-rating.default\">\n\t\t\t\t<div class=\"elementor-widget-container\">\n\t\t\t\t\t\n\t\t<div class=\"elementor-star-rating__wrapper\">\n\t\t\t\t\t\t<div class=\"elementor-star-rating\" title=\"5\/5\" itemtype=\"http:\/\/schema.org\/Rating\" itemscope=\"\" itemprop=\"reviewRating\"><i class=\"elementor-star-full\">&#xE934;<\/i><i class=\"elementor-star-full\">&#xE934;<\/i><i class=\"elementor-star-full\">&#xE934;<\/i><i class=\"elementor-star-full\">&#xE934;<\/i><i class=\"elementor-star-full\">&#xE934;<\/i> <span itemprop=\"ratingValue\" class=\"elementor-screen-only\">5\/5<\/span><\/div>\t\t<\/div>\n\t\t\t\t\t\t<\/div>\n\t\t\t\t<\/div>\n\t\t\t\t<div class=\"elementor-element elementor-element-1eb4660 elementor-widget elementor-widget-testimonial\" data-id=\"1eb4660\" data-element_type=\"widget\" data-widget_type=\"testimonial.default\">\n\t\t\t\t<div class=\"elementor-widget-container\">\n\t\t\t\t\t\t\t<div class=\"elementor-testimonial-wrapper\">\n\t\t\t\t\t\t\t<div class=\"elementor-testimonial-content\">\"Wir hatten einen wundersch\u00f6nen Aufenthalt in der Ferienwohnung Apfel. Die Gastgeber sind super Freundlich und haben uns geholfen unseren Aufenthalt zu Planen.\"<\/div>\n\t\t\t\n\t\t\t\t\t\t<div class=\"elementor-testimonial-meta\">\n\t\t\t\t<div class=\"elementor-testimonial-meta-inner\">\n\t\t\t\t\t\n\t\t\t\t\t\t\t\t\t\t<div class=\"elementor-testimonial-details\">\n\t\t\t\t\t\t\t\t\t\t\t\t\t\t<div class=\"elementor-testimonial-name\">Kurt \u00dcberbacher<\/div>\n\t\t\t\t\t\t\t\t\t\t\t\t\t\t\t\t\t\t\t<\/div>\n\t\t\t\t\t\t\t\t\t<\/div>\n\t\t\t<\/div>\n\t\t\t\t\t<\/div>\n\t\t\t\t\t\t<\/div>\n\t\t\t\t<\/div>\n\t\t\t\t\t<\/div>\n\t\t<\/div>\n\t\t\t\t<div class=\"elementor-column elementor-col-50 elementor-inner-column elementor-element elementor-element-725d8d1\" data-id=\"725d8d1\" data-element_type=\"column\">\n\t\t\t<div class=\"elementor-widget-wrap elementor-element-populated\">\n\t\t\t\t\t\t<div class=\"elementor-element elementor-element-558ac93 elementor--star-style-star_fontawesome elementor-widget elementor-widget-star-rating\" data-id=\"558ac93\" data-element_type=\"widget\" data-widget_type=\"star-rating.default\">\n\t\t\t\t<div class=\"elementor-widget-container\">\n\t\t\t\t\t\n\t\t<div class=\"elementor-star-rating__wrapper\">\n\t\t\t\t\t\t<div class=\"elementor-star-rating\" title=\"5\/5\" itemtype=\"http:\/\/schema.org\/Rating\" itemscope=\"\" itemprop=\"reviewRating\"><i class=\"elementor-star-full\">&#xE934;<\/i><i class=\"elementor-star-full\">&#xE934;<\/i><i class=\"elementor-star-full\">&#xE934;<\/i><i class=\"elementor-star-full\">&#xE934;<\/i><i class=\"elementor-star-full\">&#xE934;<\/i> <span itemprop=\"ratingValue\" class=\"elementor-screen-only\">5\/5<\/span><\/div>\t\t<\/div>\n\t\t\t\t\t\t<\/div>\n\t\t\t\t<\/div>\n\t\t\t\t<div class=\"elementor-element elementor-element-fab5afd elementor-widget elementor-widget-testimonial\" data-id=\"fab5afd\" data-element_type=\"widget\" data-widget_type=\"testimonial.default\">\n\t\t\t\t<div class=\"elementor-widget-container\">\n\t\t\t\t\t\t\t<div class=\"elementor-testimonial-wrapper\">\n\t\t\t\t\t\t\t<div class=\"elementor-testimonial-content\">\"Die Ausstattung der Wohnung war super, Unsere Kinder hatten viel spass. Es gibt so viel zu entdecken in S\u00fcdtirol und so viel zu erleben.\"<\/div>\n\t\t\t\n\t\t\t\t\t\t<div class=\"elementor-testimonial-meta\">\n\t\t\t\t<div class=\"elementor-testimonial-meta-inner\">\n\t\t\t\t\t\n\t\t\t\t\t\t\t\t\t\t<div class=\"elementor-testimonial-details\">\n\t\t\t\t\t\t\t\t\t\t\t\t\t\t<div class=\"elementor-testimonial-name\">J\u00fcrgen Kreuz<\/div>\n\t\t\t\t\t\t\t\t\t\t\t\t\t\t\t\t\t\t\t<\/div>\n\t\t\t\t\t\t\t\t\t<\/div>\n\t\t\t<\/div>\n\t\t\t\t\t<\/div>\n\t\t\t\t\t\t<\/div>\n\t\t\t\t<\/div>\n\t\t\t\t<div class=\"elementor-element elementor-element-4a08e0e elementor--star-style-star_fontawesome elementor-widget elementor-widget-star-rating\" data-id=\"4a08e0e\" data-element_type=\"widget\" data-widget_type=\"star-rating.default\">\n\t\t\t\t<div class=\"elementor-widget-container\">\n\t\t\t\t\t\n\t\t<div class=\"elementor-star-rating__wrapper\">\n\t\t\t\t\t\t<div class=\"elementor-star-rating\" title=\"4.7\/5\" itemtype=\"http:\/\/schema.org\/Rating\" itemscope=\"\" itemprop=\"reviewRating\"><i class=\"elementor-star-full\">&#xE934;<\/i><i class=\"elementor-star-full\">&#xE934;<\/i><i class=\"elementor-star-full\">&#xE934;<\/i><i class=\"elementor-star-full\">&#xE934;<\/i><i class=\"elementor-star-7\">&#xE934;<\/i> <span itemprop=\"ratingValue\" class=\"elementor-screen-only\">4.7\/5<\/span><\/div>\t\t<\/div>\n\t\t\t\t\t\t<\/div>\n\t\t\t\t<\/div>\n\t\t\t\t<div class=\"elementor-element elementor-element-aad1b87 elementor-widget elementor-widget-testimonial\" data-id=\"aad1b87\" data-element_type=\"widget\" data-widget_type=\"testimonial.default\">\n\t\t\t\t<div class=\"elementor-widget-container\">\n\t\t\t\t\t\t\t<div class=\"elementor-testimonial-wrapper\">\n\t\t\t\t\t\t\t<div class=\"elementor-testimonial-content\">\"Fantastischer Ausblick und angenehme Wohnung. Man kommt \u00fcberall schnell hin mit dem Auto und mit dem Bus.\"<\/div>\n\t\t\t\n\t\t\t\t\t\t<div class=\"elementor-testimonial-meta\">\n\t\t\t\t<div class=\"elementor-testimonial-meta-inner\">\n\t\t\t\t\t\n\t\t\t\t\t\t\t\t\t\t<div class=\"elementor-testimonial-details\">\n\t\t\t\t\t\t\t\t\t\t\t\t\t\t<div class=\"elementor-testimonial-name\">Laura M\u00fcller<\/div>\n\t\t\t\t\t\t\t\t\t\t\t\t\t\t\t\t\t\t\t<\/div>\n\t\t\t\t\t\t\t\t\t<\/div>\n\t\t\t<\/div>\n\t\t\t\t\t<\/div>\n\t\t\t\t\t\t<\/div>\n\t\t\t\t<\/div>\n\t\t\t\t\t<\/div>\n\t\t<\/div>\n\t\t\t\t\t<\/div>\n\t\t<\/section>\n\t\t\t\t\t<\/div>\n\t\t<\/div>\n\t\t\t\t\t<\/div>\n\t\t<\/section>\n\t\t\t\t<section class=\"elementor-section elementor-top-section elementor-element elementor-element-e379327 elementor-section-boxed elementor-section-height-default elementor-section-height-default\" data-id=\"e379327\" data-element_type=\"section\">\n\t\t\t\t\t\t<div class=\"elementor-container elementor-column-gap-default\">\n\t\t\t\t\t<div class=\"elementor-column elementor-col-100 elementor-top-column elementor-element elementor-element-8574fa1\" data-id=\"8574fa1\" data-element_type=\"column\">\n\t\t\t<div class=\"elementor-widget-wrap elementor-element-populated\">\n\t\t\t\t\t\t<div class=\"elementor-element elementor-element-f8edcf9 elementor-widget elementor-widget-heading\" data-id=\"f8edcf9\" data-element_type=\"widget\" data-widget_type=\"heading.default\">\n\t\t\t\t<div class=\"elementor-widget-container\">\n\t\t\t\t\t<h3 class=\"elementor-heading-title elementor-size-default\">Volete conoscerci meglio? Allora continuate a leggere...<\/h3>\t\t\t\t<\/div>\n\t\t\t\t<\/div>\n\t\t\t\t\t<\/div>\n\t\t<\/div>\n\t\t\t\t\t<\/div>\n\t\t<\/section>\n\t\t\t\t<section class=\"elementor-section elementor-top-section elementor-element elementor-element-5d14264 elementor-section-boxed elementor-section-height-default elementor-section-height-default\" data-id=\"5d14264\" data-element_type=\"section\">\n\t\t\t\t\t\t<div class=\"elementor-container elementor-column-gap-default\">\n\t\t\t\t\t<div class=\"elementor-column elementor-col-50 elementor-top-column elementor-element elementor-element-90e0aab\" data-id=\"90e0aab\" data-element_type=\"column\">\n\t\t\t<div class=\"elementor-widget-wrap elementor-element-populated\">\n\t\t\t\t\t\t<div class=\"elementor-element elementor-element-38e9351 elementor-widget elementor-widget-image\" data-id=\"38e9351\" data-element_type=\"widget\" data-widget_type=\"image.default\">\n\t\t\t\t<div class=\"elementor-widget-container\">\n\t\t\t\t\t\t\t\t\t\t\t\t<figure class=\"wp-caption\">\n\t\t\t\t\t\t\t\t\t\t\t<a href=\"https:\/\/obsthof-moser.com\/it\/attivita\/\">\n\t\t\t\t\t\t\t<img loading=\"lazy\" decoding=\"async\" width=\"768\" height=\"511\" src=\"https:\/\/obsthof-moser.com\/wp-content\/uploads\/2022\/03\/Bild2_IDM_Alex-Filz-768x511.jpg\" class=\"elementor-animation-grow attachment-medium_large size-medium_large wp-image-12609\" alt=\"\" srcset=\"https:\/\/obsthof-moser.com\/wp-content\/uploads\/2022\/03\/Bild2_IDM_Alex-Filz-768x511.jpg 768w, https:\/\/obsthof-moser.com\/wp-content\/uploads\/2022\/03\/Bild2_IDM_Alex-Filz-300x200.jpg 300w, https:\/\/obsthof-moser.com\/wp-content\/uploads\/2022\/03\/Bild2_IDM_Alex-Filz.jpg 1021w\" sizes=\"(max-width: 768px) 100vw, 768px\" \/>\t\t\t\t\t\t\t\t<\/a>\n\t\t\t\t\t\t\t\t\t\t\t<figcaption class=\"widget-image-caption wp-caption-text\">Scoprire l'Alto Adige<\/figcaption>\n\t\t\t\t\t\t\t\t\t\t<\/figure>\n\t\t\t\t\t\t\t\t\t<\/div>\n\t\t\t\t<\/div>\n\t\t\t\t\t<\/div>\n\t\t<\/div>\n\t\t\t\t<div class=\"elementor-column elementor-col-50 elementor-top-column elementor-element elementor-element-1374ae1\" data-id=\"1374ae1\" data-element_type=\"column\">\n\t\t\t<div class=\"elementor-widget-wrap elementor-element-populated\">\n\t\t\t\t\t\t<div class=\"elementor-element elementor-element-1ff94c5 elementor-widget elementor-widget-image\" data-id=\"1ff94c5\" data-element_type=\"widget\" data-widget_type=\"image.default\">\n\t\t\t\t<div class=\"elementor-widget-container\">\n\t\t\t\t\t\t\t\t\t\t\t\t<figure class=\"wp-caption\">\n\t\t\t\t\t\t\t\t\t\t\t<a href=\"https:\/\/obsthof-moser.com\/it\/home\/il-nostro-maso\/\">\n\t\t\t\t\t\t\t<img loading=\"lazy\" decoding=\"async\" width=\"768\" height=\"512\" src=\"https:\/\/obsthof-moser.com\/wp-content\/uploads\/2022\/03\/Bild19_Obsthof_Moser-768x512.jpg\" class=\"elementor-animation-grow attachment-medium_large size-medium_large wp-image-12562\" alt=\"\" srcset=\"https:\/\/obsthof-moser.com\/wp-content\/uploads\/2022\/03\/Bild19_Obsthof_Moser-768x512.jpg 768w, https:\/\/obsthof-moser.com\/wp-content\/uploads\/2022\/03\/Bild19_Obsthof_Moser-300x200.jpg 300w, https:\/\/obsthof-moser.com\/wp-content\/uploads\/2022\/03\/Bild19_Obsthof_Moser.jpg 1000w\" sizes=\"(max-width: 768px) 100vw, 768px\" \/>\t\t\t\t\t\t\t\t<\/a>\n\t\t\t\t\t\t\t\t\t\t\t<figcaption class=\"widget-image-caption wp-caption-text\">Il nostro maso<\/figcaption>\n\t\t\t\t\t\t\t\t\t\t<\/figure>\n\t\t\t\t\t\t\t\t\t<\/div>\n\t\t\t\t<\/div>\n\t\t\t\t\t<\/div>\n\t\t<\/div>\n\t\t\t\t\t<\/div>\n\t\t<\/section>\n\t\t\t\t<section class=\"elementor-section elementor-top-section elementor-element elementor-element-6653248 elementor-section-boxed elementor-section-height-default elementor-section-height-default\" data-id=\"6653248\" data-element_type=\"section\">\n\t\t\t\t\t\t<div class=\"elementor-container elementor-column-gap-default\">\n\t\t\t\t\t<div class=\"elementor-column elementor-col-100 elementor-top-column elementor-element elementor-element-17c4519\" data-id=\"17c4519\" data-element_type=\"column\">\n\t\t\t<div class=\"elementor-widget-wrap elementor-element-populated\">\n\t\t\t\t\t\t<div class=\"elementor-element elementor-element-9b1aacc elementor-widget elementor-widget-heading\" data-id=\"9b1aacc\" data-element_type=\"widget\" data-widget_type=\"heading.default\">\n\t\t\t\t<div class=\"elementor-widget-container\">\n\t\t\t\t\t<h3 class=\"elementor-heading-title elementor-size-default\">Invia una richiesta non vincolante!<\/h3>\t\t\t\t<\/div>\n\t\t\t\t<\/div>\n\t\t\t\t\t<\/div>\n\t\t<\/div>\n\t\t\t\t\t<\/div>\n\t\t<\/section>\n\t\t\t\t<section class=\"elementor-section elementor-top-section elementor-element elementor-element-7a05b75 elementor-section-boxed elementor-section-height-default elementor-section-height-default\" data-id=\"7a05b75\" data-element_type=\"section\">\n\t\t\t\t\t\t<div class=\"elementor-container elementor-column-gap-default\">\n\t\t\t\t\t<div class=\"elementor-column elementor-col-100 elementor-top-column elementor-element elementor-element-3f1427d\" data-id=\"3f1427d\" data-element_type=\"column\">\n\t\t\t<div class=\"elementor-widget-wrap elementor-element-populated\">\n\t\t\t\t\t\t<div class=\"elementor-element elementor-element-09b3896 elementor-widget elementor-widget-html\" data-id=\"09b3896\" data-element_type=\"widget\" data-widget_type=\"html.default\">\n\t\t\t\t<div class=\"elementor-widget-container\">\n\t\t\t\t\t\n<div class=\"wpcf7 no-js\" id=\"wpcf7-f14054-o1\" lang=\"it-IT\" dir=\"ltr\">\n<div class=\"screen-reader-response\"><p role=\"status\" aria-live=\"polite\" aria-atomic=\"true\"><\/p> <ul><\/ul><\/div>\n<form action=\"\/it\/wp-json\/wp\/v2\/pages\/14044#wpcf7-f14054-o1\" method=\"post\" class=\"wpcf7-form init\" aria-label=\"Modulo di contatto\" novalidate=\"novalidate\" data-status=\"init\">\n<div style=\"display: none;\">\n<input type=\"hidden\" name=\"_wpcf7\" value=\"14054\" \/>\n<input type=\"hidden\" name=\"_wpcf7_version\" value=\"5.9.8\" \/>\n<input type=\"hidden\" name=\"_wpcf7_locale\" value=\"it_IT\" \/>\n<input type=\"hidden\" name=\"_wpcf7_unit_tag\" value=\"wpcf7-f14054-o1\" \/>\n<input type=\"hidden\" name=\"_wpcf7_container_post\" value=\"0\" \/>\n<input type=\"hidden\" name=\"_wpcf7_posted_data_hash\" value=\"\" \/>\n<\/div>\n<div class=\"short-contact-form\">\n\t<p><span class=\"wpcf7-form-control-wrap\" data-name=\"Name\"><input size=\"40\" maxlength=\"400\" class=\"wpcf7-form-control wpcf7-text wpcf7-validates-as-required\" aria-required=\"true\" aria-invalid=\"false\" placeholder=\"Nome*\" value=\"\" type=\"text\" name=\"Name\" \/><\/span>\n\t<\/p>\n\t<p><span class=\"wpcf7-form-control-wrap\" data-name=\"E-mail\"><input size=\"40\" maxlength=\"400\" class=\"wpcf7-form-control wpcf7-email wpcf7-validates-as-required wpcf7-text wpcf7-validates-as-email\" aria-required=\"true\" aria-invalid=\"false\" placeholder=\"E-mail*\" value=\"\" type=\"email\" name=\"E-mail\" \/><\/span>\n\t<\/p>\n\t<p><span class=\"wpcf7-form-control-wrap\" data-name=\"apartment\"><select class=\"wpcf7-form-control wpcf7-select wpcf7-validates-as-required\" aria-required=\"true\" aria-invalid=\"false\" name=\"apartment\"><option value=\"Appartamento\">Appartamento<\/option><option value=\"Cornus\">Cornus<\/option><option value=\"Florina\">Florina<\/option><option value=\"Lavendel\">Lavendel<\/option><option value=\"Clematis\">Clematis<\/option><\/select><\/span>\n\t<\/p>\n\t<p><span class=\"wpcf7-form-control-wrap\" data-name=\"Anreise\"><input size=\"40\" maxlength=\"400\" class=\"wpcf7-form-control wpcf7-text wpcf7-validates-as-required walcf7-datepicker\" aria-required=\"true\" aria-invalid=\"false\" placeholder=\"Arrivo*\" value=\"\" type=\"text\" name=\"Anreise\" \/><\/span>\n\t<\/p>\n\t<p><span class=\"wpcf7-form-control-wrap\" data-name=\"Abreise\"><input size=\"40\" maxlength=\"400\" class=\"wpcf7-form-control wpcf7-text wpcf7-validates-as-required walcf7-datepicker\" aria-required=\"true\" aria-invalid=\"false\" placeholder=\"Partenza*\" value=\"\" type=\"text\" name=\"Abreise\" \/><\/span>\n\t<\/p>\n\t<p><span class=\"wpcf7-form-control-wrap\" data-name=\"Erwachsene\"><select class=\"wpcf7-form-control wpcf7-select wpcf7-validates-as-required\" aria-required=\"true\" aria-invalid=\"false\" name=\"Erwachsene\"><option value=\"2 adulti\">2 adulti<\/option><option value=\"1 adulto\">1 adulto<\/option><option value=\"3 adulti\">3 adulti<\/option><option value=\"4 adulti\">4 adulti<\/option><option value=\"5 adulti\">5 adulti<\/option><option value=\"6 adulti\">6 adulti<\/option><\/select><\/span>\n\t<\/p>\n\t<p><span class=\"wpcf7-form-control-wrap\" data-name=\"Kinder\"><select class=\"wpcf7-form-control wpcf7-select wpcf7-validates-as-required\" aria-required=\"true\" aria-invalid=\"false\" name=\"Kinder\"><option value=\"Bambini sotto 14 anni\">Bambini sotto 14 anni<\/option><option value=\"0 bambini\">0 bambini<\/option><option value=\"1 bambino\">1 bambino<\/option><option value=\"2 bambini\">2 bambini<\/option><option value=\"3 bambini\">3 bambini<\/option><option value=\"4 bambini\">4 bambini<\/option><option value=\"5 bambini\">5 bambini<\/option><\/select><\/span>\n\t<\/p>\n\t<p><span class=\"wpcf7-form-control-wrap\" data-name=\"u14\"><input size=\"40\" maxlength=\"400\" class=\"wpcf7-form-control wpcf7-text\" aria-invalid=\"false\" placeholder=\"Et\u00e1 bambini\" value=\"\" type=\"text\" name=\"u14\" \/><\/span>\n\t<\/p>\n\t<p><span class=\"wpcf7-form-control-wrap\" data-name=\"acceptance-737\"><span class=\"wpcf7-form-control wpcf7-acceptance\"><span class=\"wpcf7-list-item\"><label><input type=\"checkbox\" name=\"acceptance-737\" value=\"1\" aria-invalid=\"false\" \/><span class=\"wpcf7-list-item-label\"><a href=\"https:\/\/obsthof-moser.com\/it\/?page_id=14087&preview=true\">privacy*<\/a><\/span><\/label><\/span><\/span><\/span>\n\t<\/p>\n\t<div class=\"send\">\n\t\t<p><input class=\"wpcf7-form-control wpcf7-submit has-spinner\" type=\"submit\" value=\"Richiesta\" \/>\n\t\t<\/p>\n\t<\/div>\n<\/div><div class=\"wpcf7-response-output\" aria-hidden=\"true\"><\/div>\n<\/form>\n<\/div>\n\t\t\t\t<\/div>\n\t\t\t\t<\/div>\n\t\t\t\t\t<\/div>\n\t\t<\/div>\n\t\t\t\t\t<\/div>\n\t\t<\/section>\n\t\t\t\t<\/div>\n\t\t","protected":false},"excerpt":{"rendered":"<p>Obsthof Moser a Sciaves | Agriturismo e appartamenti per vacanze vicino a Bressanone &#8211; Alto Adige Vivere la natura. Sentire la libert\u00e0. Godersi la tranquillit\u00e0 Il nostro maso Obsthof Moser si trova a Sciaves, in una posizione idilliaca all\u2019ingresso della Val Pusteria, nei pressi di Bressanone. un soggiorno in grande comfort in appartamenti per vacanze &hellip;<\/p>\n<p class=\"read-more\"> <a class=\"\" href=\"https:\/\/obsthof-moser.com\/it\/\"> <span class=\"screen-reader-text\">Obsthof Moser<\/span> Leggi altro &raquo;<\/a><\/p>\n","protected":false},"author":2,"featured_media":0,"parent":0,"menu_order":0,"comment_status":"closed","ping_status":"closed","template":"","meta":{"site-sidebar-layout":"no-sidebar","site-content-layout":"page-builder","ast-global-header-display":"","ast-main-header-display":"","ast-hfb-above-header-display":"","ast-hfb-below-header-display":"","ast-hfb-mobile-header-display":"","site-post-title":"disabled","ast-breadcrumbs-content":"","ast-featured-img":"disabled","footer-sml-layout":"","theme-transparent-header-meta":"enabled","adv-header-id-meta":"","stick-header-meta":"","header-above-stick-meta":"","header-main-stick-meta":"","header-below-stick-meta":"","footnotes":""},"class_list":["post-14044","page","type-page","status-publish","hentry"],"yoast_head":"<!-- This site is optimized with the Yoast SEO plugin v27.4 - https:\/\/yoast.com\/product\/yoast-seo-wordpress\/ -->\n<title>Obsthof Moser a Sciaves | Vacanze al maso e appartamenti vacanza nelle vicinanze di Bressanone \u2013 Alto Adige<\/title>\n<meta name=\"description\" content=\"Il nostro maso Obsthof Moser si trova a Sciaves, in una posizione idilliaca all\u2019ingresso della Val Pusteria, nei pressi di Bressanone. Vacanze per grandi e piccini.\" \/>\n<meta name=\"robots\" content=\"index, follow, max-snippet:-1, max-image-preview:large, max-video-preview:-1\" \/>\n<link rel=\"canonical\" href=\"https:\/\/obsthof-moser.com\/it\/\" \/>\n<meta property=\"og:locale\" content=\"it_IT\" \/>\n<meta property=\"og:type\" content=\"article\" \/>\n<meta property=\"og:title\" content=\"Obsthof Moser a Sciaves | Vacanze al maso e appartamenti vacanza nelle vicinanze di Bressanone \u2013 Alto Adige\" \/>\n<meta property=\"og:description\" content=\"Il nostro maso Obsthof Moser si trova a Sciaves, in una posizione idilliaca all\u2019ingresso della Val Pusteria, nei pressi di Bressanone. Vacanze per grandi e piccini.\" \/>\n<meta property=\"og:url\" content=\"https:\/\/obsthof-moser.com\/it\/\" \/>\n<meta property=\"og:site_name\" content=\"Obsthof moser\" \/>\n<meta property=\"article:modified_time\" content=\"2026-03-28T08:54:09+00:00\" \/>\n<meta property=\"og:image\" content=\"https:\/\/obsthof-moser.com\/wp-content\/uploads\/2026\/03\/Obsthof-Moser-122.jpg\" \/>\n\t<meta property=\"og:image:width\" content=\"2560\" \/>\n\t<meta property=\"og:image:height\" content=\"1707\" \/>\n\t<meta property=\"og:image:type\" content=\"image\/jpeg\" \/>\n<meta name=\"twitter:card\" content=\"summary_large_image\" \/>\n<meta name=\"twitter:label1\" content=\"Tempo di lettura stimato\" \/>\n\t<meta name=\"twitter:data1\" content=\"6 minuti\" \/>\n<script type=\"application\/ld+json\" class=\"yoast-schema-graph\">{\"@context\":\"https:\\\/\\\/schema.org\",\"@graph\":[{\"@type\":\"WebPage\",\"@id\":\"https:\\\/\\\/obsthof-moser.com\\\/it\\\/\",\"url\":\"https:\\\/\\\/obsthof-moser.com\\\/it\\\/\",\"name\":\"Obsthof Moser a Sciaves | Vacanze al maso e appartamenti vacanza nelle vicinanze di Bressanone \u2013 Alto Adige\",\"isPartOf\":{\"@id\":\"https:\\\/\\\/obsthof-moser.com\\\/#website\"},\"primaryImageOfPage\":{\"@id\":\"https:\\\/\\\/obsthof-moser.com\\\/it\\\/#primaryimage\"},\"image\":{\"@id\":\"https:\\\/\\\/obsthof-moser.com\\\/it\\\/#primaryimage\"},\"thumbnailUrl\":\"https:\\\/\\\/obsthof-moser.com\\\/wp-content\\\/uploads\\\/2026\\\/03\\\/Obsthof-Moser-122-1024x683.jpg\",\"datePublished\":\"2022-04-14T06:16:30+00:00\",\"dateModified\":\"2026-03-28T08:54:09+00:00\",\"description\":\"Il nostro maso Obsthof Moser si trova a Sciaves, in una posizione idilliaca all\u2019ingresso della Val Pusteria, nei pressi di Bressanone. Vacanze per grandi e piccini.\",\"breadcrumb\":{\"@id\":\"https:\\\/\\\/obsthof-moser.com\\\/it\\\/#breadcrumb\"},\"inLanguage\":\"it-IT\",\"potentialAction\":[{\"@type\":\"ReadAction\",\"target\":[\"https:\\\/\\\/obsthof-moser.com\\\/it\\\/\"]}]},{\"@type\":\"ImageObject\",\"inLanguage\":\"it-IT\",\"@id\":\"https:\\\/\\\/obsthof-moser.com\\\/it\\\/#primaryimage\",\"url\":\"https:\\\/\\\/obsthof-moser.com\\\/wp-content\\\/uploads\\\/2026\\\/03\\\/Obsthof-Moser-122-1024x683.jpg\",\"contentUrl\":\"https:\\\/\\\/obsthof-moser.com\\\/wp-content\\\/uploads\\\/2026\\\/03\\\/Obsthof-Moser-122-1024x683.jpg\"},{\"@type\":\"BreadcrumbList\",\"@id\":\"https:\\\/\\\/obsthof-moser.com\\\/it\\\/#breadcrumb\",\"itemListElement\":[{\"@type\":\"ListItem\",\"position\":1,\"name\":\"Startseite\",\"item\":\"https:\\\/\\\/obsthof-moser.com\\\/it\\\/\"},{\"@type\":\"ListItem\",\"position\":2,\"name\":\"Obsthof Moser\"}]},{\"@type\":\"WebSite\",\"@id\":\"https:\\\/\\\/obsthof-moser.com\\\/#website\",\"url\":\"https:\\\/\\\/obsthof-moser.com\\\/\",\"name\":\"Obsthof moser\",\"description\":\"Explore the globe with travel &amp; tourism\",\"publisher\":{\"@id\":\"https:\\\/\\\/obsthof-moser.com\\\/#organization\"},\"potentialAction\":[{\"@type\":\"SearchAction\",\"target\":{\"@type\":\"EntryPoint\",\"urlTemplate\":\"https:\\\/\\\/obsthof-moser.com\\\/?s={search_term_string}\"},\"query-input\":{\"@type\":\"PropertyValueSpecification\",\"valueRequired\":true,\"valueName\":\"search_term_string\"}}],\"inLanguage\":\"it-IT\"},{\"@type\":\"Organization\",\"@id\":\"https:\\\/\\\/obsthof-moser.com\\\/#organization\",\"name\":\"Obsthof Moser\",\"url\":\"https:\\\/\\\/obsthof-moser.com\\\/\",\"logo\":{\"@type\":\"ImageObject\",\"inLanguage\":\"it-IT\",\"@id\":\"https:\\\/\\\/obsthof-moser.com\\\/#\\\/schema\\\/logo\\\/image\\\/\",\"url\":\"https:\\\/\\\/obsthof-moser.com\\\/wp-content\\\/uploads\\\/2022\\\/01\\\/cropped-logo-1.png\",\"contentUrl\":\"https:\\\/\\\/obsthof-moser.com\\\/wp-content\\\/uploads\\\/2022\\\/01\\\/cropped-logo-1.png\",\"width\":266,\"height\":95,\"caption\":\"Obsthof Moser\"},\"image\":{\"@id\":\"https:\\\/\\\/obsthof-moser.com\\\/#\\\/schema\\\/logo\\\/image\\\/\"}}]}<\/script>\n<!-- \/ Yoast SEO plugin. -->","yoast_head_json":{"title":"Obsthof Moser a Sciaves | Vacanze al maso e appartamenti vacanza nelle vicinanze di Bressanone \u2013 Alto Adige","description":"Il nostro maso Obsthof Moser si trova a Sciaves, in una posizione idilliaca all\u2019ingresso della Val Pusteria, nei pressi di Bressanone. Vacanze per grandi e piccini.","robots":{"index":"index","follow":"follow","max-snippet":"max-snippet:-1","max-image-preview":"max-image-preview:large","max-video-preview":"max-video-preview:-1"},"canonical":"https:\/\/obsthof-moser.com\/it\/","og_locale":"it_IT","og_type":"article","og_title":"Obsthof Moser a Sciaves | Vacanze al maso e appartamenti vacanza nelle vicinanze di Bressanone \u2013 Alto Adige","og_description":"Il nostro maso Obsthof Moser si trova a Sciaves, in una posizione idilliaca all\u2019ingresso della Val Pusteria, nei pressi di Bressanone. Vacanze per grandi e piccini.","og_url":"https:\/\/obsthof-moser.com\/it\/","og_site_name":"Obsthof moser","article_modified_time":"2026-03-28T08:54:09+00:00","og_image":[{"width":2560,"height":1707,"url":"https:\/\/obsthof-moser.com\/wp-content\/uploads\/2026\/03\/Obsthof-Moser-122.jpg","type":"image\/jpeg"}],"twitter_card":"summary_large_image","twitter_misc":{"Tempo di lettura stimato":"6 minuti"},"schema":{"@context":"https:\/\/schema.org","@graph":[{"@type":"WebPage","@id":"https:\/\/obsthof-moser.com\/it\/","url":"https:\/\/obsthof-moser.com\/it\/","name":"Obsthof Moser a Sciaves | Vacanze al maso e appartamenti vacanza nelle vicinanze di Bressanone \u2013 Alto Adige","isPartOf":{"@id":"https:\/\/obsthof-moser.com\/#website"},"primaryImageOfPage":{"@id":"https:\/\/obsthof-moser.com\/it\/#primaryimage"},"image":{"@id":"https:\/\/obsthof-moser.com\/it\/#primaryimage"},"thumbnailUrl":"https:\/\/obsthof-moser.com\/wp-content\/uploads\/2026\/03\/Obsthof-Moser-122-1024x683.jpg","datePublished":"2022-04-14T06:16:30+00:00","dateModified":"2026-03-28T08:54:09+00:00","description":"Il nostro maso Obsthof Moser si trova a Sciaves, in una posizione idilliaca all\u2019ingresso della Val Pusteria, nei pressi di Bressanone. Vacanze per grandi e piccini.","breadcrumb":{"@id":"https:\/\/obsthof-moser.com\/it\/#breadcrumb"},"inLanguage":"it-IT","potentialAction":[{"@type":"ReadAction","target":["https:\/\/obsthof-moser.com\/it\/"]}]},{"@type":"ImageObject","inLanguage":"it-IT","@id":"https:\/\/obsthof-moser.com\/it\/#primaryimage","url":"https:\/\/obsthof-moser.com\/wp-content\/uploads\/2026\/03\/Obsthof-Moser-122-1024x683.jpg","contentUrl":"https:\/\/obsthof-moser.com\/wp-content\/uploads\/2026\/03\/Obsthof-Moser-122-1024x683.jpg"},{"@type":"BreadcrumbList","@id":"https:\/\/obsthof-moser.com\/it\/#breadcrumb","itemListElement":[{"@type":"ListItem","position":1,"name":"Startseite","item":"https:\/\/obsthof-moser.com\/it\/"},{"@type":"ListItem","position":2,"name":"Obsthof Moser"}]},{"@type":"WebSite","@id":"https:\/\/obsthof-moser.com\/#website","url":"https:\/\/obsthof-moser.com\/","name":"Obsthof moser","description":"Explore the globe with travel &amp; tourism","publisher":{"@id":"https:\/\/obsthof-moser.com\/#organization"},"potentialAction":[{"@type":"SearchAction","target":{"@type":"EntryPoint","urlTemplate":"https:\/\/obsthof-moser.com\/?s={search_term_string}"},"query-input":{"@type":"PropertyValueSpecification","valueRequired":true,"valueName":"search_term_string"}}],"inLanguage":"it-IT"},{"@type":"Organization","@id":"https:\/\/obsthof-moser.com\/#organization","name":"Obsthof Moser","url":"https:\/\/obsthof-moser.com\/","logo":{"@type":"ImageObject","inLanguage":"it-IT","@id":"https:\/\/obsthof-moser.com\/#\/schema\/logo\/image\/","url":"https:\/\/obsthof-moser.com\/wp-content\/uploads\/2022\/01\/cropped-logo-1.png","contentUrl":"https:\/\/obsthof-moser.com\/wp-content\/uploads\/2022\/01\/cropped-logo-1.png","width":266,"height":95,"caption":"Obsthof Moser"},"image":{"@id":"https:\/\/obsthof-moser.com\/#\/schema\/logo\/image\/"}}]}},"_links":{"self":[{"href":"https:\/\/obsthof-moser.com\/it\/wp-json\/wp\/v2\/pages\/14044","targetHints":{"allow":["GET"]}}],"collection":[{"href":"https:\/\/obsthof-moser.com\/it\/wp-json\/wp\/v2\/pages"}],"about":[{"href":"https:\/\/obsthof-moser.com\/it\/wp-json\/wp\/v2\/types\/page"}],"author":[{"embeddable":true,"href":"https:\/\/obsthof-moser.com\/it\/wp-json\/wp\/v2\/users\/2"}],"replies":[{"embeddable":true,"href":"https:\/\/obsthof-moser.com\/it\/wp-json\/wp\/v2\/comments?post=14044"}],"version-history":[{"count":219,"href":"https:\/\/obsthof-moser.com\/it\/wp-json\/wp\/v2\/pages\/14044\/revisions"}],"predecessor-version":[{"id":16123,"href":"https:\/\/obsthof-moser.com\/it\/wp-json\/wp\/v2\/pages\/14044\/revisions\/16123"}],"wp:attachment":[{"href":"https:\/\/obsthof-moser.com\/it\/wp-json\/wp\/v2\/media?parent=14044"}],"curies":[{"name":"wp","href":"https:\/\/api.w.org\/{rel}","templated":true}]}}