{"id":14037,"date":"2022-04-13T13:28:51","date_gmt":"2022-04-13T13:28:51","guid":{"rendered":"https:\/\/obsthof-moser.com\/informazioni-sui-prezzi\/"},"modified":"2026-04-23T04:45:05","modified_gmt":"2026-04-23T04:45:05","slug":"servizi-inclusi-informazioni","status":"publish","type":"page","link":"https:\/\/obsthof-moser.com\/it\/servizi-inclusi-informazioni\/","title":{"rendered":"Servizi inclusi &#038; informazioni"},"content":{"rendered":"\t\t<div data-elementor-type=\"wp-page\" data-elementor-id=\"14037\" class=\"elementor elementor-14037 elementor-13460\">\n\t\t\t\t\t\t<section class=\"elementor-section elementor-top-section elementor-element elementor-element-be17ba7 elementor-section-boxed elementor-section-height-default elementor-section-height-default\" data-id=\"be17ba7\" data-element_type=\"section\" data-settings=\"{&quot;background_background&quot;:&quot;classic&quot;}\">\n\t\t\t\t\t\t\t<div class=\"elementor-background-overlay\"><\/div>\n\t\t\t\t\t\t\t<div class=\"elementor-container elementor-column-gap-default\">\n\t\t\t\t\t<div class=\"elementor-column elementor-col-100 elementor-top-column elementor-element elementor-element-4ee5b36\" data-id=\"4ee5b36\" data-element_type=\"column\">\n\t\t\t<div class=\"elementor-widget-wrap elementor-element-populated\">\n\t\t\t\t\t\t<div class=\"elementor-element elementor-element-b707b08 elementor-widget elementor-widget-heading\" data-id=\"b707b08\" data-element_type=\"widget\" data-widget_type=\"heading.default\">\n\t\t\t\t<div class=\"elementor-widget-container\">\n\t\t\t\t\t<h1 class=\"elementor-heading-title elementor-size-default\">Cosa devi sapere della tua vacanza  a Sciaves<\/h1>\t\t\t\t<\/div>\n\t\t\t\t<\/div>\n\t\t\t\t\t<\/div>\n\t\t<\/div>\n\t\t\t\t\t<\/div>\n\t\t<\/section>\n\t\t\t\t<section class=\"elementor-section elementor-top-section elementor-element elementor-element-9f9839b elementor-section-boxed elementor-section-height-default elementor-section-height-default\" data-id=\"9f9839b\" data-element_type=\"section\">\n\t\t\t\t\t\t<div class=\"elementor-container elementor-column-gap-default\">\n\t\t\t\t\t<div class=\"elementor-column elementor-col-100 elementor-top-column elementor-element elementor-element-44378c8\" data-id=\"44378c8\" data-element_type=\"column\">\n\t\t\t<div class=\"elementor-widget-wrap elementor-element-populated\">\n\t\t\t\t\t\t<div class=\"elementor-element elementor-element-b0ceb1c elementor-widget elementor-widget-heading\" data-id=\"b0ceb1c\" data-element_type=\"widget\" data-widget_type=\"heading.default\">\n\t\t\t\t<div class=\"elementor-widget-container\">\n\t\t\t\t\t<h2 class=\"elementor-heading-title elementor-size-default\">Informazioni sulla vacanza e servizi inclusi<\/h2>\t\t\t\t<\/div>\n\t\t\t\t<\/div>\n\t\t\t\t<div class=\"elementor-element elementor-element-c41bb91 elementor-widget elementor-widget-heading\" data-id=\"c41bb91\" data-element_type=\"widget\" data-widget_type=\"heading.default\">\n\t\t\t\t<div class=\"elementor-widget-container\">\n\t\t\t\t\t<h3 class=\"elementor-heading-title elementor-size-default\">Informazioni sui prezzi<\/h3>\t\t\t\t<\/div>\n\t\t\t\t<\/div>\n\t\t\t\t<div class=\"elementor-element elementor-element-5e89988 elementor-widget elementor-widget-text-editor\" data-id=\"5e89988\" data-element_type=\"widget\" data-widget_type=\"text-editor.default\">\n\t\t\t\t<div class=\"elementor-widget-container\">\n\t\t\t\t\t\t\t\t\t<div><ul><li style=\"text-align: left;\">I prezzi si intendono per 2 persone a notte con un soggiorno minimo di 5 notti.<\/li><li style=\"text-align: left;\">Per soggiorni inferiori a 5 notti viene addebitato un supplemento.<\/li><li style=\"text-align: left;\">La pulizia finale \u00e8 inclusa nel prezzo. Il prezzo non include l\u2019imposta di soggiorno di 2,00 \u20ac a notte per persona (dai 14 anni), che sar\u00e0 addebitata separatamente sul posto.<\/li><li style=\"text-align: left;\">Per ogni persona in pi\u00f9 addebitiamo 25,00 \u20ac a notte. Per Bambini sotto i 14 anni addebitiamo 20,00 \u20ac a notte<\/li><li style=\"text-align: left;\">Saremo lieti di fornirvi attrezzature per bambini piccoli (lettino e seggiolone) gratuitamente su richiesta.<\/li><li style=\"text-align: left;\">In alta stagione l\u2019importo addebitato \u00e8 per un\u2019occupazione minima di 4 o 5 persone.<\/li><\/ul><\/div>\t\t\t\t\t\t\t\t<\/div>\n\t\t\t\t<\/div>\n\t\t\t\t\t<\/div>\n\t\t<\/div>\n\t\t\t\t\t<\/div>\n\t\t<\/section>\n\t\t\t\t<section class=\"elementor-section elementor-top-section elementor-element elementor-element-ab43855 elementor-section-boxed elementor-section-height-default elementor-section-height-default\" data-id=\"ab43855\" data-element_type=\"section\">\n\t\t\t\t\t\t<div class=\"elementor-container elementor-column-gap-default\">\n\t\t\t\t\t<div class=\"elementor-column elementor-col-100 elementor-top-column elementor-element elementor-element-91b4d49\" data-id=\"91b4d49\" data-element_type=\"column\">\n\t\t\t<div class=\"elementor-widget-wrap elementor-element-populated\">\n\t\t\t\t\t\t<div class=\"elementor-element elementor-element-bb142d2 elementor-widget elementor-widget-heading\" data-id=\"bb142d2\" data-element_type=\"widget\" data-widget_type=\"heading.default\">\n\t\t\t\t<div class=\"elementor-widget-container\">\n\t\t\t\t\t<h3 class=\"elementor-heading-title elementor-size-default\">Servizi inclusi<\/h3>\t\t\t\t<\/div>\n\t\t\t\t<\/div>\n\t\t\t\t\t<\/div>\n\t\t<\/div>\n\t\t\t\t\t<\/div>\n\t\t<\/section>\n\t\t\t\t<section class=\"elementor-section elementor-top-section elementor-element elementor-element-89097b2 elementor-section-boxed elementor-section-height-default elementor-section-height-default\" data-id=\"89097b2\" data-element_type=\"section\">\n\t\t\t\t\t\t<div class=\"elementor-container elementor-column-gap-default\">\n\t\t\t\t\t<div class=\"elementor-column elementor-col-50 elementor-top-column elementor-element elementor-element-958ba4d\" data-id=\"958ba4d\" data-element_type=\"column\">\n\t\t\t<div class=\"elementor-widget-wrap elementor-element-populated\">\n\t\t\t\t\t\t<div class=\"elementor-element elementor-element-f8c97a3 elementor-widget elementor-widget-text-editor\" data-id=\"f8c97a3\" data-element_type=\"widget\" data-widget_type=\"text-editor.default\">\n\t\t\t\t<div class=\"elementor-widget-container\">\n\t\t\t\t\t\t\t\t\t<ul><li>Carta ospiti &#8216;Brixen S\u00fcdtirol Guest Pass&#8217; &#8211; ulteriori informazioni <span style=\"text-decoration: underline;\"><strong><a href=\"https:\/\/www.naz-sciaves.info\/it\/prenota-vacanza\/la-nostra-carta-ospiti\/\" target=\"_blank\" rel=\"noopener\">qui<\/a><\/strong><\/span><\/li><li>Connessione Internet WiFi e LAN gratuita<\/li><li>Parcheggio privato<\/li><li>Pulizia finale<\/li><li>Biancheria da letto, asciugamani piccoli e grandi, biancheria da cucina<\/li><li>TV satellitare, asciugacapelli, corrente elettrica, riscaldamento<\/li><\/ul>\t\t\t\t\t\t\t\t<\/div>\n\t\t\t\t<\/div>\n\t\t\t\t\t<\/div>\n\t\t<\/div>\n\t\t\t\t<div class=\"elementor-column elementor-col-50 elementor-top-column elementor-element elementor-element-649310e\" data-id=\"649310e\" data-element_type=\"column\">\n\t\t\t<div class=\"elementor-widget-wrap elementor-element-populated\">\n\t\t\t\t\t\t<div class=\"elementor-element elementor-element-81cd1fe elementor-widget elementor-widget-text-editor\" data-id=\"81cd1fe\" data-element_type=\"widget\" data-widget_type=\"text-editor.default\">\n\t\t\t\t<div class=\"elementor-widget-container\">\n\t\t\t\t\t\t\t\t\t<ul><li>Attrezzature per bambini piccoli (lettino e seggiolone) su richiesta<\/li><li>Giardino con sedie a sdraio per rilassarsi<\/li><li>Noleggio di attrezzatura sportiva (su richiesta): slittino, bastoncini da trekking, zaino<\/li><li>Servizio navetta dalla stazione ferroviaria o degli autobus pi\u00f9 vicina all\u2019arrivo e alla partenza (da concordare al momento della prenotazione)<\/li><li>Possibilit\u00e0 di lavaggio, asciugatura, stiratura (sovrapprezzo)<\/li><\/ul>\t\t\t\t\t\t\t\t<\/div>\n\t\t\t\t<\/div>\n\t\t\t\t\t<\/div>\n\t\t<\/div>\n\t\t\t\t\t<\/div>\n\t\t<\/section>\n\t\t\t\t<section class=\"elementor-section elementor-top-section elementor-element elementor-element-1ebe784 elementor-section-boxed elementor-section-height-default elementor-section-height-default\" data-id=\"1ebe784\" data-element_type=\"section\">\n\t\t\t\t\t\t<div class=\"elementor-container elementor-column-gap-default\">\n\t\t\t\t\t<div class=\"elementor-column elementor-col-100 elementor-top-column elementor-element elementor-element-060c5fc\" data-id=\"060c5fc\" data-element_type=\"column\">\n\t\t\t<div class=\"elementor-widget-wrap elementor-element-populated\">\n\t\t\t\t\t\t<div class=\"elementor-element elementor-element-5ce0270 elementor-widget elementor-widget-heading\" data-id=\"5ce0270\" data-element_type=\"widget\" data-widget_type=\"heading.default\">\n\t\t\t\t<div class=\"elementor-widget-container\">\n\t\t\t\t\t<h3 class=\"elementor-heading-title elementor-size-default\">Informazioni sulla vacanza<\/h3>\t\t\t\t<\/div>\n\t\t\t\t<\/div>\n\t\t\t\t<div class=\"elementor-element elementor-element-19ebd3a elementor-widget elementor-widget-text-editor\" data-id=\"19ebd3a\" data-element_type=\"widget\" data-widget_type=\"text-editor.default\">\n\t\t\t\t<div class=\"elementor-widget-container\">\n\t\t\t\t\t\t\t\t\t<div><h5 style=\"text-align: left;\" align=\"center\"><span style=\"color: #000000;\">Check-In<\/span><\/h5><p style=\"text-align: left;\" align=\"center\"><span style=\"color: var(--ast-global-color-3); font-family: 'Open Sans', sans-serif; font-size: 16px; font-style: inherit; background-color: var(--ast-global-color-4);\">Il giorno dell\u2019arrivo, il vostro appartamento per vacanze sar\u00e0 pronto a partire dalle ore 15:30. Nel caso doveste arrivare dopo le 19:00 vi preghiamo di informarci telefonicamente in precedenza. La domenica e nei giorni festivi l&#8217;arrivo \u00e8 possibile solo a partire dalle ore 18:00. Preferiamo il sabato come giorno di arrivo e partenza. In alta stagione estiva preferiamo i soggiorni di 14 notti.<\/span><\/p><\/div><div><h5 style=\"text-align: left;\" align=\"center\">Check-out<\/h5><\/div><div><p style=\"text-align: left;\" align=\"center\">Il giorno della partenza vi preghiamo di lasciare l\u2019appartamento entro le ore 9:30.<\/p><\/div><div><h5 style=\"text-align: left;\" align=\"center\">Casa per non fumatori<\/h5><h3 style=\"text-align: left;\" align=\"center\"><span style=\"font-size: 16px; font-style: inherit; color: var(--ast-global-color-3); font-family: 'Open Sans', sans-serif; background-color: var(--ast-global-color-4);\">Nei nostri appartamenti non \u00e8 consentito fumare.<\/span><\/h3><\/div><div><h5 style=\"text-align: left;\" align=\"center\">Animali domestici<\/h5><\/div><div><p style=\"text-align: left;\" align=\"center\">Non sono ammessi animali domestici, vi ringraziamo per la comprensione.<\/p><\/div><div><h5 style=\"text-align: left;\" align=\"center\">Condizioni di prenotazione<\/h5><\/div><div><p style=\"text-align: left;\" align=\"center\">Per una prenotazione vincolante vi preghiamo di effettuare un bonifico versando una caparra pari al 30% dell\u2019importo totale.<\/p><\/div><div><h5 style=\"text-align: left;\" align=\"center\">Pagamento<\/h5><\/div><div><p style=\"text-align: left;\" align=\"center\">Preferiamo il pagamento in contanti o tramite bonifico bancario. Non sono accettate carte bancomat.<\/p><\/div>\t\t\t\t\t\t\t\t<\/div>\n\t\t\t\t<\/div>\n\t\t\t\t\t<\/div>\n\t\t<\/div>\n\t\t\t\t\t<\/div>\n\t\t<\/section>\n\t\t\t\t<section class=\"elementor-section elementor-top-section elementor-element elementor-element-b0658eb elementor-section-boxed elementor-section-height-default elementor-section-height-default\" data-id=\"b0658eb\" data-element_type=\"section\">\n\t\t\t\t\t\t<div class=\"elementor-container elementor-column-gap-default\">\n\t\t\t\t\t<div class=\"elementor-column elementor-col-100 elementor-top-column elementor-element elementor-element-3c80b12\" data-id=\"3c80b12\" data-element_type=\"column\">\n\t\t\t<div class=\"elementor-widget-wrap elementor-element-populated\">\n\t\t\t\t\t\t<div class=\"elementor-element elementor-element-ac91a95 elementor-widget elementor-widget-heading\" data-id=\"ac91a95\" data-element_type=\"widget\" data-widget_type=\"heading.default\">\n\t\t\t\t<div class=\"elementor-widget-container\">\n\t\t\t\t\t<h3 class=\"elementor-heading-title elementor-size-default\">Condizioni di cancellazione<\/h3>\t\t\t\t<\/div>\n\t\t\t\t<\/div>\n\t\t\t\t\t<\/div>\n\t\t<\/div>\n\t\t\t\t\t<\/div>\n\t\t<\/section>\n\t\t\t\t<section class=\"elementor-section elementor-top-section elementor-element elementor-element-cfd5060 elementor-section-boxed elementor-section-height-default elementor-section-height-default\" data-id=\"cfd5060\" data-element_type=\"section\">\n\t\t\t\t\t\t<div class=\"elementor-container elementor-column-gap-default\">\n\t\t\t\t\t<div class=\"elementor-column elementor-col-100 elementor-top-column elementor-element elementor-element-0b1e086\" data-id=\"0b1e086\" data-element_type=\"column\">\n\t\t\t<div class=\"elementor-widget-wrap elementor-element-populated\">\n\t\t\t\t\t\t<div class=\"elementor-element elementor-element-e08060a elementor-widget elementor-widget-text-editor\" data-id=\"e08060a\" data-element_type=\"widget\" data-widget_type=\"text-editor.default\">\n\t\t\t\t<div class=\"elementor-widget-container\">\n\t\t\t\t\t\t\t\t\t<p>Nel caso in cui si verifichi qualche imprevisto e non siate in grado di mettervi in viaggio, le nostre condizioni di cancellazione sono le seguenti:<\/p>\t\t\t\t\t\t\t\t<\/div>\n\t\t\t\t<\/div>\n\t\t\t\t\t<\/div>\n\t\t<\/div>\n\t\t\t\t\t<\/div>\n\t\t<\/section>\n\t\t\t\t<section class=\"elementor-section elementor-top-section elementor-element elementor-element-72ca3c3 elementor-section-boxed elementor-section-height-default elementor-section-height-default\" data-id=\"72ca3c3\" data-element_type=\"section\">\n\t\t\t\t\t\t<div class=\"elementor-container elementor-column-gap-default\">\n\t\t\t\t\t<div class=\"elementor-column elementor-col-50 elementor-top-column elementor-element elementor-element-ca2a66e\" data-id=\"ca2a66e\" data-element_type=\"column\">\n\t\t\t<div class=\"elementor-widget-wrap elementor-element-populated\">\n\t\t\t\t\t\t<div class=\"elementor-element elementor-element-b3dc602 elementor-widget elementor-widget-text-editor\" data-id=\"b3dc602\" data-element_type=\"widget\" data-widget_type=\"text-editor.default\">\n\t\t\t\t<div class=\"elementor-widget-container\">\n\t\t\t\t\t\t\t\t\t<ul><li>La cancellazione pu\u00f2 essere effettuata gratuitamente fino a 3 mesi prima dell\u2019arrivo.<\/li><li>Da 3 mesi a 4 settimane prima dell\u2019arrivo sar\u00e0 addebitato 40 % del prezzo complessivo.<\/li><\/ul>\t\t\t\t\t\t\t\t<\/div>\n\t\t\t\t<\/div>\n\t\t\t\t\t<\/div>\n\t\t<\/div>\n\t\t\t\t<div class=\"elementor-column elementor-col-50 elementor-top-column elementor-element elementor-element-1a610ab\" data-id=\"1a610ab\" data-element_type=\"column\">\n\t\t\t<div class=\"elementor-widget-wrap elementor-element-populated\">\n\t\t\t\t\t\t<div class=\"elementor-element elementor-element-7a1819d elementor-widget elementor-widget-text-editor\" data-id=\"7a1819d\" data-element_type=\"widget\" data-widget_type=\"text-editor.default\">\n\t\t\t\t<div class=\"elementor-widget-container\">\n\t\t\t\t\t\t\t\t\t<ul><li>Da 4 settimane a 1 settimana prima dell\u2019arrivo sar\u00e0 da pagare una penale del 70% del prezzo complessivo.<\/li><li>In caso di cancellazione nell&#8217;ultima settimana, no-show, arrivo ritardato o partenza anticipata, calcoliamo il 100% del prezzo complessivo.<\/li><\/ul>\t\t\t\t\t\t\t\t<\/div>\n\t\t\t\t<\/div>\n\t\t\t\t\t<\/div>\n\t\t<\/div>\n\t\t\t\t\t<\/div>\n\t\t<\/section>\n\t\t\t\t<section class=\"elementor-section elementor-top-section elementor-element elementor-element-bb687d0 elementor-section-boxed elementor-section-height-default elementor-section-height-default\" data-id=\"bb687d0\" data-element_type=\"section\">\n\t\t\t\t\t\t<div class=\"elementor-container elementor-column-gap-default\">\n\t\t\t\t\t<div class=\"elementor-column elementor-col-100 elementor-top-column elementor-element elementor-element-6ff72cc\" data-id=\"6ff72cc\" data-element_type=\"column\">\n\t\t\t<div class=\"elementor-widget-wrap elementor-element-populated\">\n\t\t\t\t\t\t<div class=\"elementor-element elementor-element-36814f7 elementor-widget elementor-widget-text-editor\" data-id=\"36814f7\" data-element_type=\"widget\" data-widget_type=\"text-editor.default\">\n\t\t\t\t<div class=\"elementor-widget-container\">\n\t\t\t\t\t\t\t\t\t<p>Per risparmiare sui costi e tutelarvi, vi consigliamo <a href=\"https:\/\/partner.europaeische.at\/roter-hahn-it?AGN2=140522996\" target=\"_blank\" rel=\"noopener\">l\u2019assicurazione per l\u2019annullamento della vacanza Gallo Rosso<\/a>.<\/p>\t\t\t\t\t\t\t\t<\/div>\n\t\t\t\t<\/div>\n\t\t\t\t\t<\/div>\n\t\t<\/div>\n\t\t\t\t\t<\/div>\n\t\t<\/section>\n\t\t\t\t<section class=\"elementor-section elementor-top-section elementor-element elementor-element-1b1a6d3 elementor-section-boxed elementor-section-height-default elementor-section-height-default\" data-id=\"1b1a6d3\" data-element_type=\"section\">\n\t\t\t\t\t\t<div class=\"elementor-container elementor-column-gap-default\">\n\t\t\t\t\t<div class=\"elementor-column elementor-col-100 elementor-top-column elementor-element elementor-element-86a8611\" data-id=\"86a8611\" data-element_type=\"column\">\n\t\t\t<div class=\"elementor-widget-wrap elementor-element-populated\">\n\t\t\t\t\t\t<div class=\"elementor-element elementor-element-51abd98 elementor-widget elementor-widget-heading\" data-id=\"51abd98\" data-element_type=\"widget\" data-widget_type=\"heading.default\">\n\t\t\t\t<div class=\"elementor-widget-container\">\n\t\t\t\t\t<h3 class=\"elementor-heading-title elementor-size-default\">Brixen S\u00fcdtirol Guest Pass<\/h3>\t\t\t\t<\/div>\n\t\t\t\t<\/div>\n\t\t\t\t<div class=\"elementor-element elementor-element-5ac3ad1 elementor-widget elementor-widget-text-editor\" data-id=\"5ac3ad1\" data-element_type=\"widget\" data-widget_type=\"text-editor.default\">\n\t\t\t\t<div class=\"elementor-widget-container\">\n\t\t\t\t\t\t\t\t\t<p class=\"v1MsoNormal\" style=\"text-align: left;\">Il Brixen S\u00fcdtirol Guest Pass \u00e8 gi\u00e0 incluso nel prezzo del soggiorno. Vi accompagner\u00e0 per tutta la vacanza, aprendovi ogni giorno tante porte e possibilit\u00e0.<\/p><p class=\"v1MsoNormal\" style=\"text-align: left;\">In periodi selezionati, la card d\u00e0 diritto ogni giorno a un biglietto gratuito di ascesa e discesa sugli impianti di risalita, per raggiungere comodamente magnifici punti panoramici, soleggiate alte vie e alpeggi idilliaci. Che voi vogliate fare una bella escursione tra le malghe, ammirare scorci da favola o semplicemente godervi un po\u2019 di relax in montagna, la scelta \u00e8 vostra.<\/p><p class=\"v1MsoNormal\" style=\"text-align: left;\">Ma la montagna \u00e8 solo l\u2019inizio: la card offre infatti tanti altri vantaggi. Potrete rinfrescarvi in piscina, visitare una variet\u00e0 di musei o scoprire le pi\u00f9 belle attrazioni della zona, il tutto gratuitamente.<\/p><p class=\"v1MsoNormal\" style=\"text-align: left;\">Il Brixen S\u00fcdtirol Guest Pass accorcia le distanze, crea libert\u00e0 e lascia spazio all\u2019improvvisazione.<\/p><p class=\"v1MsoNormal\" style=\"text-align: left;\">Tutti i dettagli sul Brixen S\u00fcdtirol Guest Pass trovate <a href=\"https:\/\/www.natz-schabs.info\/it\/area-vacanze\/brixen-suedtirol-guest-pass.html\" target=\"_blank\" rel=\"noopener\">qui<\/a>.<\/p>\t\t\t\t\t\t\t\t<\/div>\n\t\t\t\t<\/div>\n\t\t\t\t\t<\/div>\n\t\t<\/div>\n\t\t\t\t\t<\/div>\n\t\t<\/section>\n\t\t\t\t<section class=\"elementor-section elementor-top-section elementor-element elementor-element-a3f26db elementor-section-boxed elementor-section-height-default elementor-section-height-default\" data-id=\"a3f26db\" data-element_type=\"section\">\n\t\t\t\t\t\t<div class=\"elementor-container elementor-column-gap-default\">\n\t\t\t\t\t<div class=\"elementor-column elementor-col-100 elementor-top-column elementor-element elementor-element-ea16e79\" data-id=\"ea16e79\" data-element_type=\"column\">\n\t\t\t<div class=\"elementor-widget-wrap elementor-element-populated\">\n\t\t\t\t\t\t<div class=\"elementor-element elementor-element-04b7989 elementor-widget elementor-widget-heading\" data-id=\"04b7989\" data-element_type=\"widget\" data-widget_type=\"heading.default\">\n\t\t\t\t<div class=\"elementor-widget-container\">\n\t\t\t\t\t<h3 class=\"elementor-heading-title elementor-size-default\">Nelle vicinanze...<\/h3>\t\t\t\t<\/div>\n\t\t\t\t<\/div>\n\t\t\t\t<div class=\"elementor-element elementor-element-1a33c7e elementor-widget elementor-widget-text-editor\" data-id=\"1a33c7e\" data-element_type=\"widget\" data-widget_type=\"text-editor.default\">\n\t\t\t\t<div class=\"elementor-widget-container\">\n\t\t\t\t\t\t\t\t\t<ul><li style=\"text-align: left;\">Shopping: i negozi e supermercati pi\u00f9 vicini sono a Sciaves (0,8 km), Rio di Pusteria (3 km) o a Bressanone (7 km), orari d\u2019apertura: ore 07:00 \u2013 19:00<\/li><li style=\"text-align: left;\">Ristoranti a Sciaves e Rio di Pusteria (2 &#8211; 3 km), Novacella-Varna (5 km) o a Bressanone (7 km)<\/li><li style=\"text-align: left;\">Osterie contadine a Viumes (2 km), Spinga (3 km), Novacella-Varna (5 km) o a Bressanone (7 km)<\/li><li style=\"text-align: left;\">Piscina Acquarena a Bressanone (7 km), orari d\u2019apertura: ore 09:00 \u2013 22:00<\/li><li style=\"text-align: left;\">Area sciistica Gitschberg Jochtal (14 km) e Plose (18 km), aperti da inizio dicembre \u2013 fine marzo<\/li><li style=\"text-align: left;\">Banche: i bancomat pi\u00f9 vicini si trovano a Sciaves (0,8 km)<\/li><li style=\"text-align: left;\">Farmacia a Sciaves (0,8 km), orari d\u2019apertura: ore 08:30 \u2013 19:00<\/li><li style=\"text-align: left;\">Fermata dell&#8217;autobus &#8220;Sciaves Peintnerhof&#8221; (0,8 km)<\/li><\/ul><p style=\"text-align: left;\">Ulteriori informazioni utili per le vostre vacanze al nostro agriturismo Obsthof Moser (mobilit\u00e0, infrastruttura, attivit\u00e0 organizzate dall\u2019associazione turistica, ecc.) trovate sul nostro portale online <a href=\"https:\/\/obsthof-moser.guest.net\/\" target=\"_blank\" rel=\"noopener\">Guestnet<\/a>.<\/p>\t\t\t\t\t\t\t\t<\/div>\n\t\t\t\t<\/div>\n\t\t\t\t\t<\/div>\n\t\t<\/div>\n\t\t\t\t\t<\/div>\n\t\t<\/section>\n\t\t\t\t<section class=\"elementor-section elementor-top-section elementor-element elementor-element-b598d37 elementor-section-boxed elementor-section-height-default elementor-section-height-default\" data-id=\"b598d37\" data-element_type=\"section\">\n\t\t\t\t\t\t<div class=\"elementor-container elementor-column-gap-default\">\n\t\t\t\t\t<div class=\"elementor-column elementor-col-100 elementor-top-column elementor-element elementor-element-84e32b2\" data-id=\"84e32b2\" data-element_type=\"column\">\n\t\t\t<div class=\"elementor-widget-wrap elementor-element-populated\">\n\t\t\t\t\t\t<div class=\"elementor-element elementor-element-9ac7b22 elementor-widget elementor-widget-heading\" data-id=\"9ac7b22\" data-element_type=\"widget\" data-widget_type=\"heading.default\">\n\t\t\t\t<div class=\"elementor-widget-container\">\n\t\t\t\t\t<h3 class=\"elementor-heading-title elementor-size-default\">Volete conoscerci meglio? Allora continuate a leggere...<\/h3>\t\t\t\t<\/div>\n\t\t\t\t<\/div>\n\t\t\t\t\t<\/div>\n\t\t<\/div>\n\t\t\t\t\t<\/div>\n\t\t<\/section>\n\t\t\t\t<section class=\"elementor-section elementor-top-section elementor-element elementor-element-a34e46f elementor-section-boxed elementor-section-height-default elementor-section-height-default\" data-id=\"a34e46f\" data-element_type=\"section\">\n\t\t\t\t\t\t<div class=\"elementor-container elementor-column-gap-default\">\n\t\t\t\t\t<div class=\"elementor-column elementor-col-50 elementor-top-column elementor-element elementor-element-54e41bd\" data-id=\"54e41bd\" data-element_type=\"column\">\n\t\t\t<div class=\"elementor-widget-wrap elementor-element-populated\">\n\t\t\t\t\t\t<div class=\"elementor-element elementor-element-3868d20 elementor-widget elementor-widget-image\" data-id=\"3868d20\" data-element_type=\"widget\" data-widget_type=\"image.default\">\n\t\t\t\t<div class=\"elementor-widget-container\">\n\t\t\t\t\t\t\t\t\t\t\t\t<figure class=\"wp-caption\">\n\t\t\t\t\t\t\t\t\t\t\t<a href=\"https:\/\/obsthof-moser.com\/it\/?page_id=14040\">\n\t\t\t\t\t\t\t<img fetchpriority=\"high\" decoding=\"async\" width=\"1024\" height=\"683\" src=\"https:\/\/obsthof-moser.com\/wp-content\/uploads\/2022\/02\/DSCF1657-HDR-1-1024x683.jpg\" class=\"elementor-animation-grow attachment-large size-large wp-image-11962\" alt=\"\" srcset=\"https:\/\/obsthof-moser.com\/wp-content\/uploads\/2022\/02\/DSCF1657-HDR-1-1024x683.jpg 1024w, https:\/\/obsthof-moser.com\/wp-content\/uploads\/2022\/02\/DSCF1657-HDR-1-300x200.jpg 300w, https:\/\/obsthof-moser.com\/wp-content\/uploads\/2022\/02\/DSCF1657-HDR-1-768x512.jpg 768w, https:\/\/obsthof-moser.com\/wp-content\/uploads\/2022\/02\/DSCF1657-HDR-1.jpg 1333w\" sizes=\"(max-width: 1024px) 100vw, 1024px\" \/>\t\t\t\t\t\t\t\t<\/a>\n\t\t\t\t\t\t\t\t\t\t\t<figcaption class=\"widget-image-caption wp-caption-text\">Appartamenti e prezzi<\/figcaption>\n\t\t\t\t\t\t\t\t\t\t<\/figure>\n\t\t\t\t\t\t\t\t\t<\/div>\n\t\t\t\t<\/div>\n\t\t\t\t\t<\/div>\n\t\t<\/div>\n\t\t\t\t<div class=\"elementor-column elementor-col-50 elementor-top-column elementor-element elementor-element-284eeae\" data-id=\"284eeae\" data-element_type=\"column\">\n\t\t\t<div class=\"elementor-widget-wrap elementor-element-populated\">\n\t\t\t\t\t\t<div class=\"elementor-element elementor-element-daf1f1f elementor-widget elementor-widget-image\" data-id=\"daf1f1f\" data-element_type=\"widget\" data-widget_type=\"image.default\">\n\t\t\t\t<div class=\"elementor-widget-container\">\n\t\t\t\t\t\t\t\t\t\t\t\t<figure class=\"wp-caption\">\n\t\t\t\t\t\t\t\t\t\t\t<a href=\"https:\/\/obsthof-moser.com\/it\/?page_id=14005\">\n\t\t\t\t\t\t\t<img decoding=\"async\" width=\"1021\" height=\"680\" src=\"https:\/\/obsthof-moser.com\/wp-content\/uploads\/2022\/03\/Bild2_IDM_Alex-Filz.jpg\" class=\"elementor-animation-grow attachment-large size-large wp-image-12609\" alt=\"\" srcset=\"https:\/\/obsthof-moser.com\/wp-content\/uploads\/2022\/03\/Bild2_IDM_Alex-Filz.jpg 1021w, https:\/\/obsthof-moser.com\/wp-content\/uploads\/2022\/03\/Bild2_IDM_Alex-Filz-300x200.jpg 300w, https:\/\/obsthof-moser.com\/wp-content\/uploads\/2022\/03\/Bild2_IDM_Alex-Filz-768x511.jpg 768w\" sizes=\"(max-width: 1021px) 100vw, 1021px\" \/>\t\t\t\t\t\t\t\t<\/a>\n\t\t\t\t\t\t\t\t\t\t\t<figcaption class=\"widget-image-caption wp-caption-text\">Scoprire l'Alto Adige<\/figcaption>\n\t\t\t\t\t\t\t\t\t\t<\/figure>\n\t\t\t\t\t\t\t\t\t<\/div>\n\t\t\t\t<\/div>\n\t\t\t\t\t<\/div>\n\t\t<\/div>\n\t\t\t\t\t<\/div>\n\t\t<\/section>\n\t\t\t\t<section class=\"elementor-section elementor-top-section elementor-element elementor-element-809b5aa elementor-section-boxed elementor-section-height-default elementor-section-height-default\" data-id=\"809b5aa\" data-element_type=\"section\">\n\t\t\t\t\t\t<div class=\"elementor-container elementor-column-gap-default\">\n\t\t\t\t\t<div class=\"elementor-column elementor-col-100 elementor-top-column elementor-element elementor-element-396c800\" data-id=\"396c800\" data-element_type=\"column\">\n\t\t\t<div class=\"elementor-widget-wrap elementor-element-populated\">\n\t\t\t\t\t\t<div class=\"elementor-element elementor-element-29f9d83 elementor-widget elementor-widget-heading\" data-id=\"29f9d83\" data-element_type=\"widget\" data-widget_type=\"heading.default\">\n\t\t\t\t<div class=\"elementor-widget-container\">\n\t\t\t\t\t<h3 class=\"elementor-heading-title elementor-size-default\">Invia una richiesta non vincolante!<\/h3>\t\t\t\t<\/div>\n\t\t\t\t<\/div>\n\t\t\t\t\t<\/div>\n\t\t<\/div>\n\t\t\t\t\t<\/div>\n\t\t<\/section>\n\t\t\t\t<section class=\"elementor-section elementor-top-section elementor-element elementor-element-899a7a3 elementor-section-boxed elementor-section-height-default elementor-section-height-default\" data-id=\"899a7a3\" data-element_type=\"section\">\n\t\t\t\t\t\t<div class=\"elementor-container elementor-column-gap-default\">\n\t\t\t\t\t<div class=\"elementor-column elementor-col-100 elementor-top-column elementor-element elementor-element-b269c1e\" data-id=\"b269c1e\" data-element_type=\"column\">\n\t\t\t<div class=\"elementor-widget-wrap elementor-element-populated\">\n\t\t\t\t\t\t<div class=\"elementor-element elementor-element-6d4a677 elementor-widget elementor-widget-html\" data-id=\"6d4a677\" data-element_type=\"widget\" data-widget_type=\"html.default\">\n\t\t\t\t<div class=\"elementor-widget-container\">\n\t\t\t\t\t\n<div class=\"wpcf7 no-js\" id=\"wpcf7-f14054-o1\" lang=\"it-IT\" dir=\"ltr\">\n<div class=\"screen-reader-response\"><p role=\"status\" aria-live=\"polite\" aria-atomic=\"true\"><\/p> <ul><\/ul><\/div>\n<form action=\"\/it\/wp-json\/wp\/v2\/pages\/14037#wpcf7-f14054-o1\" method=\"post\" class=\"wpcf7-form init\" aria-label=\"Modulo di contatto\" novalidate=\"novalidate\" data-status=\"init\">\n<div style=\"display: none;\">\n<input type=\"hidden\" name=\"_wpcf7\" value=\"14054\" \/>\n<input type=\"hidden\" name=\"_wpcf7_version\" value=\"5.9.8\" \/>\n<input type=\"hidden\" name=\"_wpcf7_locale\" value=\"it_IT\" \/>\n<input type=\"hidden\" name=\"_wpcf7_unit_tag\" value=\"wpcf7-f14054-o1\" \/>\n<input type=\"hidden\" name=\"_wpcf7_container_post\" value=\"0\" \/>\n<input type=\"hidden\" name=\"_wpcf7_posted_data_hash\" value=\"\" \/>\n<\/div>\n<div class=\"short-contact-form\">\n\t<p><span class=\"wpcf7-form-control-wrap\" data-name=\"Name\"><input size=\"40\" maxlength=\"400\" class=\"wpcf7-form-control wpcf7-text wpcf7-validates-as-required\" aria-required=\"true\" aria-invalid=\"false\" placeholder=\"Nome*\" value=\"\" type=\"text\" name=\"Name\" \/><\/span>\n\t<\/p>\n\t<p><span class=\"wpcf7-form-control-wrap\" data-name=\"E-mail\"><input size=\"40\" maxlength=\"400\" class=\"wpcf7-form-control wpcf7-email wpcf7-validates-as-required wpcf7-text wpcf7-validates-as-email\" aria-required=\"true\" aria-invalid=\"false\" placeholder=\"E-mail*\" value=\"\" type=\"email\" name=\"E-mail\" \/><\/span>\n\t<\/p>\n\t<p><span class=\"wpcf7-form-control-wrap\" data-name=\"apartment\"><select class=\"wpcf7-form-control wpcf7-select wpcf7-validates-as-required\" aria-required=\"true\" aria-invalid=\"false\" name=\"apartment\"><option value=\"Appartamento\">Appartamento<\/option><option value=\"Cornus\">Cornus<\/option><option value=\"Florina\">Florina<\/option><option value=\"Lavendel\">Lavendel<\/option><option value=\"Clematis\">Clematis<\/option><\/select><\/span>\n\t<\/p>\n\t<p><span class=\"wpcf7-form-control-wrap\" data-name=\"Anreise\"><input size=\"40\" maxlength=\"400\" class=\"wpcf7-form-control wpcf7-text wpcf7-validates-as-required walcf7-datepicker\" aria-required=\"true\" aria-invalid=\"false\" placeholder=\"Arrivo*\" value=\"\" type=\"text\" name=\"Anreise\" \/><\/span>\n\t<\/p>\n\t<p><span class=\"wpcf7-form-control-wrap\" data-name=\"Abreise\"><input size=\"40\" maxlength=\"400\" class=\"wpcf7-form-control wpcf7-text wpcf7-validates-as-required walcf7-datepicker\" aria-required=\"true\" aria-invalid=\"false\" placeholder=\"Partenza*\" value=\"\" type=\"text\" name=\"Abreise\" \/><\/span>\n\t<\/p>\n\t<p><span class=\"wpcf7-form-control-wrap\" data-name=\"Erwachsene\"><select class=\"wpcf7-form-control wpcf7-select wpcf7-validates-as-required\" aria-required=\"true\" aria-invalid=\"false\" name=\"Erwachsene\"><option value=\"2 adulti\">2 adulti<\/option><option value=\"1 adulto\">1 adulto<\/option><option value=\"3 adulti\">3 adulti<\/option><option value=\"4 adulti\">4 adulti<\/option><option value=\"5 adulti\">5 adulti<\/option><option value=\"6 adulti\">6 adulti<\/option><\/select><\/span>\n\t<\/p>\n\t<p><span class=\"wpcf7-form-control-wrap\" data-name=\"Kinder\"><select class=\"wpcf7-form-control wpcf7-select wpcf7-validates-as-required\" aria-required=\"true\" aria-invalid=\"false\" name=\"Kinder\"><option value=\"Bambini sotto 14 anni\">Bambini sotto 14 anni<\/option><option value=\"0 bambini\">0 bambini<\/option><option value=\"1 bambino\">1 bambino<\/option><option value=\"2 bambini\">2 bambini<\/option><option value=\"3 bambini\">3 bambini<\/option><option value=\"4 bambini\">4 bambini<\/option><option value=\"5 bambini\">5 bambini<\/option><\/select><\/span>\n\t<\/p>\n\t<p><span class=\"wpcf7-form-control-wrap\" data-name=\"u14\"><input size=\"40\" maxlength=\"400\" class=\"wpcf7-form-control wpcf7-text\" aria-invalid=\"false\" placeholder=\"Et\u00e1 bambini\" value=\"\" type=\"text\" name=\"u14\" \/><\/span>\n\t<\/p>\n\t<p><span class=\"wpcf7-form-control-wrap\" data-name=\"acceptance-737\"><span class=\"wpcf7-form-control wpcf7-acceptance\"><span class=\"wpcf7-list-item\"><label><input type=\"checkbox\" name=\"acceptance-737\" value=\"1\" aria-invalid=\"false\" \/><span class=\"wpcf7-list-item-label\"><a href=\"https:\/\/obsthof-moser.com\/it\/?page_id=14087&preview=true\">privacy*<\/a><\/span><\/label><\/span><\/span><\/span>\n\t<\/p>\n\t<div class=\"send\">\n\t\t<p><input class=\"wpcf7-form-control wpcf7-submit has-spinner\" type=\"submit\" value=\"Richiesta\" \/>\n\t\t<\/p>\n\t<\/div>\n<\/div><div class=\"wpcf7-response-output\" aria-hidden=\"true\"><\/div>\n<\/form>\n<\/div>\n\t\t\t\t<\/div>\n\t\t\t\t<\/div>\n\t\t\t\t\t<\/div>\n\t\t<\/div>\n\t\t\t\t\t<\/div>\n\t\t<\/section>\n\t\t\t\t<\/div>\n\t\t","protected":false},"excerpt":{"rendered":"<p>Cosa devi sapere della tua vacanza a Sciaves Informazioni sulla vacanza e servizi inclusi Informazioni sui prezzi I prezzi si intendono per 2 persone a notte con un soggiorno minimo di 5 notti. Per soggiorni inferiori a 5 notti viene addebitato un supplemento. La pulizia finale \u00e8 inclusa nel prezzo. Il prezzo non include l\u2019imposta &hellip;<\/p>\n<p class=\"read-more\"> <a class=\"\" href=\"https:\/\/obsthof-moser.com\/it\/servizi-inclusi-informazioni\/\"> <span class=\"screen-reader-text\">Servizi inclusi &#038; informazioni<\/span> Leggi altro &raquo;<\/a><\/p>\n","protected":false},"author":2,"featured_media":11963,"parent":0,"menu_order":0,"comment_status":"closed","ping_status":"closed","template":"","meta":{"site-sidebar-layout":"no-sidebar","site-content-layout":"page-builder","ast-global-header-display":"","ast-main-header-display":"","ast-hfb-above-header-display":"","ast-hfb-below-header-display":"","ast-hfb-mobile-header-display":"","site-post-title":"disabled","ast-breadcrumbs-content":"","ast-featured-img":"disabled","footer-sml-layout":"","theme-transparent-header-meta":"enabled","adv-header-id-meta":"","stick-header-meta":"","header-above-stick-meta":"","header-main-stick-meta":"","header-below-stick-meta":"","footnotes":""},"class_list":["post-14037","page","type-page","status-publish","has-post-thumbnail","hentry"],"yoast_head":"<!-- This site is optimized with the Yoast SEO plugin v27.4 - https:\/\/yoast.com\/product\/yoast-seo-wordpress\/ -->\n<title>Appartamenti - Obsthof Moser - Vacanze al Maso<\/title>\n<meta name=\"description\" content=\"Rimarrete affascinati dall\u2019atmosfera accogliente dei nostri nuovi appartamenti per vacanze, arredati con legno e materiali naturali e dotati di ogni comfort. Il giardino fiorito promette momenti di benessere.\" \/>\n<meta name=\"robots\" content=\"index, follow, max-snippet:-1, max-image-preview:large, max-video-preview:-1\" \/>\n<link rel=\"canonical\" href=\"https:\/\/obsthof-moser.com\/zimmer-2\/\" \/>\n<meta property=\"og:locale\" content=\"it_IT\" \/>\n<meta property=\"og:type\" content=\"article\" \/>\n<meta property=\"og:title\" content=\"Appartamenti - Obsthof Moser - Vacanze al Maso\" \/>\n<meta property=\"og:description\" content=\"Rimarrete affascinati dall\u2019atmosfera accogliente dei nostri nuovi appartamenti per vacanze, arredati con legno e materiali naturali e dotati di ogni comfort. Il giardino fiorito promette momenti di benessere.\" \/>\n<meta property=\"og:url\" content=\"https:\/\/obsthof-moser.com\/zimmer-2\/\" \/>\n<meta property=\"og:site_name\" content=\"Obsthof moser\" \/>\n<meta property=\"article:modified_time\" content=\"2026-04-23T04:45:05+00:00\" \/>\n<meta property=\"og:image\" content=\"https:\/\/obsthof-moser.com\/wp-content\/uploads\/2022\/02\/DSCF1657-HDR-1.jpg\" \/>\n\t<meta property=\"og:image:width\" content=\"1333\" \/>\n\t<meta property=\"og:image:height\" content=\"889\" \/>\n\t<meta property=\"og:image:type\" content=\"image\/jpeg\" \/>\n<meta name=\"twitter:card\" content=\"summary_large_image\" \/>\n<meta name=\"twitter:label1\" content=\"Tempo di lettura stimato\" \/>\n\t<meta name=\"twitter:data1\" content=\"5 minuti\" \/>\n<script type=\"application\/ld+json\" class=\"yoast-schema-graph\">{\"@context\":\"https:\\\/\\\/schema.org\",\"@graph\":[{\"@type\":\"WebPage\",\"@id\":\"https:\\\/\\\/obsthof-moser.com\\\/zimmer-2\\\/\",\"url\":\"https:\\\/\\\/obsthof-moser.com\\\/zimmer-2\\\/\",\"name\":\"Appartamenti - Obsthof Moser - Vacanze al Maso\",\"isPartOf\":{\"@id\":\"https:\\\/\\\/obsthof-moser.com\\\/#website\"},\"primaryImageOfPage\":{\"@id\":\"https:\\\/\\\/obsthof-moser.com\\\/zimmer-2\\\/#primaryimage\"},\"image\":{\"@id\":\"https:\\\/\\\/obsthof-moser.com\\\/zimmer-2\\\/#primaryimage\"},\"thumbnailUrl\":\"https:\\\/\\\/obsthof-moser.com\\\/wp-content\\\/uploads\\\/2022\\\/02\\\/DSCF1657-HDR-1.jpg\",\"datePublished\":\"2022-04-13T13:28:51+00:00\",\"dateModified\":\"2026-04-23T04:45:05+00:00\",\"description\":\"Rimarrete affascinati dall\u2019atmosfera accogliente dei nostri nuovi appartamenti per vacanze, arredati con legno e materiali naturali e dotati di ogni comfort. Il giardino fiorito promette momenti di benessere.\",\"breadcrumb\":{\"@id\":\"https:\\\/\\\/obsthof-moser.com\\\/zimmer-2\\\/#breadcrumb\"},\"inLanguage\":\"it-IT\",\"potentialAction\":[{\"@type\":\"ReadAction\",\"target\":[\"https:\\\/\\\/obsthof-moser.com\\\/zimmer-2\\\/\"]}]},{\"@type\":\"ImageObject\",\"inLanguage\":\"it-IT\",\"@id\":\"https:\\\/\\\/obsthof-moser.com\\\/zimmer-2\\\/#primaryimage\",\"url\":\"https:\\\/\\\/obsthof-moser.com\\\/wp-content\\\/uploads\\\/2022\\\/02\\\/DSCF1657-HDR-1.jpg\",\"contentUrl\":\"https:\\\/\\\/obsthof-moser.com\\\/wp-content\\\/uploads\\\/2022\\\/02\\\/DSCF1657-HDR-1.jpg\",\"width\":1333,\"height\":889},{\"@type\":\"BreadcrumbList\",\"@id\":\"https:\\\/\\\/obsthof-moser.com\\\/zimmer-2\\\/#breadcrumb\",\"itemListElement\":[{\"@type\":\"ListItem\",\"position\":1,\"name\":\"Startseite\",\"item\":\"https:\\\/\\\/obsthof-moser.com\\\/it\\\/\"},{\"@type\":\"ListItem\",\"position\":2,\"name\":\"Servizi inclusi &#038; informazioni\"}]},{\"@type\":\"WebSite\",\"@id\":\"https:\\\/\\\/obsthof-moser.com\\\/#website\",\"url\":\"https:\\\/\\\/obsthof-moser.com\\\/\",\"name\":\"Obsthof moser\",\"description\":\"Explore the globe with travel &amp; tourism\",\"publisher\":{\"@id\":\"https:\\\/\\\/obsthof-moser.com\\\/#organization\"},\"potentialAction\":[{\"@type\":\"SearchAction\",\"target\":{\"@type\":\"EntryPoint\",\"urlTemplate\":\"https:\\\/\\\/obsthof-moser.com\\\/?s={search_term_string}\"},\"query-input\":{\"@type\":\"PropertyValueSpecification\",\"valueRequired\":true,\"valueName\":\"search_term_string\"}}],\"inLanguage\":\"it-IT\"},{\"@type\":\"Organization\",\"@id\":\"https:\\\/\\\/obsthof-moser.com\\\/#organization\",\"name\":\"Obsthof Moser\",\"url\":\"https:\\\/\\\/obsthof-moser.com\\\/\",\"logo\":{\"@type\":\"ImageObject\",\"inLanguage\":\"it-IT\",\"@id\":\"https:\\\/\\\/obsthof-moser.com\\\/#\\\/schema\\\/logo\\\/image\\\/\",\"url\":\"https:\\\/\\\/obsthof-moser.com\\\/wp-content\\\/uploads\\\/2022\\\/01\\\/cropped-logo-1.png\",\"contentUrl\":\"https:\\\/\\\/obsthof-moser.com\\\/wp-content\\\/uploads\\\/2022\\\/01\\\/cropped-logo-1.png\",\"width\":266,\"height\":95,\"caption\":\"Obsthof Moser\"},\"image\":{\"@id\":\"https:\\\/\\\/obsthof-moser.com\\\/#\\\/schema\\\/logo\\\/image\\\/\"}}]}<\/script>\n<!-- \/ Yoast SEO plugin. -->","yoast_head_json":{"title":"Appartamenti - Obsthof Moser - Vacanze al Maso","description":"Rimarrete affascinati dall\u2019atmosfera accogliente dei nostri nuovi appartamenti per vacanze, arredati con legno e materiali naturali e dotati di ogni comfort. Il giardino fiorito promette momenti di benessere.","robots":{"index":"index","follow":"follow","max-snippet":"max-snippet:-1","max-image-preview":"max-image-preview:large","max-video-preview":"max-video-preview:-1"},"canonical":"https:\/\/obsthof-moser.com\/zimmer-2\/","og_locale":"it_IT","og_type":"article","og_title":"Appartamenti - Obsthof Moser - Vacanze al Maso","og_description":"Rimarrete affascinati dall\u2019atmosfera accogliente dei nostri nuovi appartamenti per vacanze, arredati con legno e materiali naturali e dotati di ogni comfort. Il giardino fiorito promette momenti di benessere.","og_url":"https:\/\/obsthof-moser.com\/zimmer-2\/","og_site_name":"Obsthof moser","article_modified_time":"2026-04-23T04:45:05+00:00","og_image":[{"width":1333,"height":889,"url":"https:\/\/obsthof-moser.com\/wp-content\/uploads\/2022\/02\/DSCF1657-HDR-1.jpg","type":"image\/jpeg"}],"twitter_card":"summary_large_image","twitter_misc":{"Tempo di lettura stimato":"5 minuti"},"schema":{"@context":"https:\/\/schema.org","@graph":[{"@type":"WebPage","@id":"https:\/\/obsthof-moser.com\/zimmer-2\/","url":"https:\/\/obsthof-moser.com\/zimmer-2\/","name":"Appartamenti - Obsthof Moser - Vacanze al Maso","isPartOf":{"@id":"https:\/\/obsthof-moser.com\/#website"},"primaryImageOfPage":{"@id":"https:\/\/obsthof-moser.com\/zimmer-2\/#primaryimage"},"image":{"@id":"https:\/\/obsthof-moser.com\/zimmer-2\/#primaryimage"},"thumbnailUrl":"https:\/\/obsthof-moser.com\/wp-content\/uploads\/2022\/02\/DSCF1657-HDR-1.jpg","datePublished":"2022-04-13T13:28:51+00:00","dateModified":"2026-04-23T04:45:05+00:00","description":"Rimarrete affascinati dall\u2019atmosfera accogliente dei nostri nuovi appartamenti per vacanze, arredati con legno e materiali naturali e dotati di ogni comfort. Il giardino fiorito promette momenti di benessere.","breadcrumb":{"@id":"https:\/\/obsthof-moser.com\/zimmer-2\/#breadcrumb"},"inLanguage":"it-IT","potentialAction":[{"@type":"ReadAction","target":["https:\/\/obsthof-moser.com\/zimmer-2\/"]}]},{"@type":"ImageObject","inLanguage":"it-IT","@id":"https:\/\/obsthof-moser.com\/zimmer-2\/#primaryimage","url":"https:\/\/obsthof-moser.com\/wp-content\/uploads\/2022\/02\/DSCF1657-HDR-1.jpg","contentUrl":"https:\/\/obsthof-moser.com\/wp-content\/uploads\/2022\/02\/DSCF1657-HDR-1.jpg","width":1333,"height":889},{"@type":"BreadcrumbList","@id":"https:\/\/obsthof-moser.com\/zimmer-2\/#breadcrumb","itemListElement":[{"@type":"ListItem","position":1,"name":"Startseite","item":"https:\/\/obsthof-moser.com\/it\/"},{"@type":"ListItem","position":2,"name":"Servizi inclusi &#038; informazioni"}]},{"@type":"WebSite","@id":"https:\/\/obsthof-moser.com\/#website","url":"https:\/\/obsthof-moser.com\/","name":"Obsthof moser","description":"Explore the globe with travel &amp; tourism","publisher":{"@id":"https:\/\/obsthof-moser.com\/#organization"},"potentialAction":[{"@type":"SearchAction","target":{"@type":"EntryPoint","urlTemplate":"https:\/\/obsthof-moser.com\/?s={search_term_string}"},"query-input":{"@type":"PropertyValueSpecification","valueRequired":true,"valueName":"search_term_string"}}],"inLanguage":"it-IT"},{"@type":"Organization","@id":"https:\/\/obsthof-moser.com\/#organization","name":"Obsthof Moser","url":"https:\/\/obsthof-moser.com\/","logo":{"@type":"ImageObject","inLanguage":"it-IT","@id":"https:\/\/obsthof-moser.com\/#\/schema\/logo\/image\/","url":"https:\/\/obsthof-moser.com\/wp-content\/uploads\/2022\/01\/cropped-logo-1.png","contentUrl":"https:\/\/obsthof-moser.com\/wp-content\/uploads\/2022\/01\/cropped-logo-1.png","width":266,"height":95,"caption":"Obsthof Moser"},"image":{"@id":"https:\/\/obsthof-moser.com\/#\/schema\/logo\/image\/"}}]}},"_links":{"self":[{"href":"https:\/\/obsthof-moser.com\/it\/wp-json\/wp\/v2\/pages\/14037","targetHints":{"allow":["GET"]}}],"collection":[{"href":"https:\/\/obsthof-moser.com\/it\/wp-json\/wp\/v2\/pages"}],"about":[{"href":"https:\/\/obsthof-moser.com\/it\/wp-json\/wp\/v2\/types\/page"}],"author":[{"embeddable":true,"href":"https:\/\/obsthof-moser.com\/it\/wp-json\/wp\/v2\/users\/2"}],"replies":[{"embeddable":true,"href":"https:\/\/obsthof-moser.com\/it\/wp-json\/wp\/v2\/comments?post=14037"}],"version-history":[{"count":124,"href":"https:\/\/obsthof-moser.com\/it\/wp-json\/wp\/v2\/pages\/14037\/revisions"}],"predecessor-version":[{"id":16135,"href":"https:\/\/obsthof-moser.com\/it\/wp-json\/wp\/v2\/pages\/14037\/revisions\/16135"}],"wp:featuredmedia":[{"embeddable":true,"href":"https:\/\/obsthof-moser.com\/it\/wp-json\/wp\/v2\/media\/11963"}],"wp:attachment":[{"href":"https:\/\/obsthof-moser.com\/it\/wp-json\/wp\/v2\/media?parent=14037"}],"curies":[{"name":"wp","href":"https:\/\/api.w.org\/{rel}","templated":true}]}}